{"id":133,"date":"2014-02-11T16:49:23","date_gmt":"2014-02-11T16:49:23","guid":{"rendered":" http:\/\/blogdemaruchiripoll.com\/?page_id=133"},"modified":"2014-04-07T18:16:14","modified_gmt":"2014-04-07T18:16:14","slug":"galeria-de-cuadros-2","status":"publish","type":"page","link":"http:\/\/blogdemaruchiripoll.com\/index.php\/galeria-de-cuadros-2\/","title":{"rendered":"Galer\u00eda de cuadros y esculturas"},"content":{"rendered":"<h3><\/h3>\n<p style=\"text-align: justify;\"><span style=\"text-decoration: underline;\"><em><strong>Introducci\u00f3n<\/strong><\/em><\/span><\/p>\n<p style=\"text-align: justify;\">Aunque en su mayor parte la componen \u00abcuadros\u00bb, tambien dispone de un apartado para exhibir las esculturas dise\u00f1adas por Maruchi Ripoll. En\u00a0 lo concerniente a <em><strong>\u00abcuadros\u00bb <\/strong><\/em>hay que distinguir\u00a0 dos \u00e9pocas bien diferenciadas, que se definen como: \u00abPre-globalista\u00bb y \u00abGlobalista\u00bb. <span style=\"text-decoration: underline;\"><em><strong>Epoca: \u00abPre-globalista\u00bb<\/strong><\/em><\/span> Abarca desde la\u00a0 d\u00e9cada\u00a0 de\u00a0 los 70, hasta la de los\u00a0 90 (hasta\u00a0 1995).\u00a0 <span style=\"text-decoration: underline;\"><em><strong>La \u00abGlobalista<\/strong><\/em><\/span><em><strong>\u00ab<\/strong><\/em><em><strong>, <\/strong><\/em>parte del \u00faltimo a\u00f1o indicado.<\/p>\n<p style=\"text-align: justify;\">Se muestran a continuaci\u00f3n,\u00a0 los cuadros mas genuinos de ambas \u00e9pocas:<\/p>\n<p style=\"text-align: justify;\"><em><strong><span style=\"text-decoration: underline;\">Epoca: \u00abPre-globalista<\/span>\u00ab<\/strong><\/em><\/p>\n<div class=\"galeria1_PR\">\n<div class=\"txtimagen_PR_1\">\n<p style=\"text-align: justify;\"><strong><em>LA PSIQUES EN LAS MANOS<\/em><\/strong><\/p>\n<p style=\"text-align: justify;\">Pre-Globalista<\/p>\n<p style=\"text-align: justify;\"><strong>Maruchi Ripoll<\/strong><\/p>\n<p style=\"text-align: justify;\">\u00d3leo sobre tela<\/p>\n<p style=\"text-align: justify;\">33 x 22 cms.<\/p>\n<\/div>\n<div class=\"caption1_PR esp28\">\n<div id=\"attachment_762\" style=\"width: 150px\" class=\"wp-caption alignleft\"><a href=\" http:\/\/blogdemaruchiripoll.com\/wp-content\/uploads\/2014\/02\/80_La-psique-en-las-manos_Oleo-sobre-tela_81x65.jpg\"><img aria-describedby=\"caption-attachment-762\" decoding=\"async\" loading=\"lazy\" class=\"     \" title=\"T\u00edtulo_LA PSIQUE EN LAS MANOS -D\u00e9cada 80-  \u00d3leo sobre tela -81 x 65 cms.\" alt=\"80_La psique en las manos_Oleo sobre tela_81x65\" src=\" http:\/\/blogdemaruchiripoll.com\/wp-content\/uploads\/2014\/02\/80_La-psique-en-las-manos_Oleo-sobre-tela_81x65-300x231.jpg\" width=\"140\" height=\"104\" \/><\/a><p id=\"caption-attachment-762\" class=\"wp-caption-text\">cuadro n\u00ba 1<\/p><\/div>\n<\/div>\n<\/div>\n<div class=\"galeria2_PR\">\n<div class=\"txtimagen_PR_2\">\n<p style=\"text-align: justify;\"><strong><em>LA M\u00c1SCARA DE LESBOS<\/em><\/strong><\/p>\n<p style=\"text-align: justify;\">Pre-Globalista<\/p>\n<p style=\"text-align: justify;\"><strong>Maruchi Ripoll<\/strong><\/p>\n<p style=\"text-align: justify;\">\u00d3leo sobre tela<\/p>\n<p style=\"text-align: justify;\">73 x 60 cms.<\/p>\n<\/div>\n<div class=\"caption2_PR esp28\">\n<div id=\"attachment_1482\" style=\"width: 150px\" class=\"wp-caption alignnone\"><a href=\" http:\/\/blogdemaruchiripoll.com\/wp-content\/uploads\/2014\/02\/MASCARALESBOS1.jpg\"><img aria-describedby=\"caption-attachment-1482\" decoding=\"async\" loading=\"lazy\" class=\" wp-image-1482\" title=\"T\u00edtulo: LA M\u00c1SCARA DE LEBOS  -Decada 80-  \u00d3leo sobre tela\" alt=\"MASCARALESBOS\" src=\" http:\/\/blogdemaruchiripoll.com\/wp-content\/uploads\/2014\/02\/MASCARALESBOS1-300x248.jpg\" width=\"140\" height=\"104\" \/><\/a><p id=\"caption-attachment-1482\" class=\"wp-caption-text\">cuadro n\u00ba 2<\/p><\/div>\n<\/div>\n<\/div>\n<div class=\"galeria3_PR\">\n<div class=\"txtimagen_PR_3\">\n<p style=\"text-align: justify;\"><strong><em>MELANCOL\u00cdA<\/em><\/strong><\/p>\n<p style=\"text-align: justify;\">Pre-Globalista<\/p>\n<p style=\"text-align: justify;\"><strong>Maruchi Ripoll<\/strong><\/p>\n<p style=\"text-align: justify;\">\u00d3leo sobre tela<\/p>\n<p style=\"text-align: justify;\">38 x 46 cms.<\/p>\n<\/div>\n<div class=\"caption3_PR esp13\">\n<div id=\"attachment_820\" style=\"width: 121px\" class=\"wp-caption alignnone\"><a href=\" http:\/\/blogdemaruchiripoll.com\/wp-content\/uploads\/2014\/02\/MELANCOLIA.jpg\"><img aria-describedby=\"caption-attachment-820\" decoding=\"async\" loading=\"lazy\" class=\" wp-image-820 \" title=\"T\u00edtulo: MELANCOL\u00cdA  -Decada 80-  \u00d3leo sobre tela  -38 x 46 cms. \" alt=\"MELANCOLIA\" src=\" http:\/\/blogdemaruchiripoll.com\/wp-content\/uploads\/2014\/02\/MELANCOLIA-236x300.jpg\" width=\"111\" height=\"133\" \/><\/a><p id=\"caption-attachment-820\" class=\"wp-caption-text\">cuadro n\u00ba 3<\/p><\/div>\n<p style=\"text-align: justify;\">\n<\/div>\n<\/div>\n<div class=\"galeria4_PR\">\n<div class=\"txtimagen_PR_4\">\n<p style=\"text-align: justify;\"><strong><em>CARNAVAL DE LA VIDA<\/em><\/strong><\/p>\n<p style=\"text-align: justify;\">Pre-Globalista<\/p>\n<p style=\"text-align: justify;\"><strong>Maruchi Ripoll<\/strong><\/p>\n<p style=\"text-align: justify;\">\u00d3leo sobre tela<\/p>\n<p style=\"text-align: justify;\">38 x 46 cms.<\/p>\n<\/div>\n<div class=\"caption4_PR esp13\">\n<div style=\"width: 121px\" class=\"wp-caption alignnone\"><a href=\" http:\/\/blogdemaruchiripoll.com\/wp-content\/uploads\/2014\/02\/CARNAVALVIDA.jpg\"><img decoding=\"async\" loading=\"lazy\" class=\"  \" title=\"T\u00edtulo: CARNAVAL DE LA VIDA  -Decada 80-  \u00d3leo sobre tela  38 x 46 cms.\" alt=\"CARNAVALVIDA\" src=\" http:\/\/blogdemaruchiripoll.com\/wp-content\/uploads\/2014\/02\/CARNAVALVIDA-249x300.jpg\" width=\"111\" height=\"133\" \/><\/a><p class=\"wp-caption-text\">cuadro n\u00ba 4<\/p><\/div>\n<\/div>\n<\/div>\n<div class=\"galeria5_PR\">\n<div class=\"txtimagen_PR_5\">\n<p style=\"text-align: justify;\"><strong><em>TENTACI\u00d3N<\/em><\/strong><\/p>\n<p style=\"text-align: justify;\">Pre-Globalista<\/p>\n<p style=\"text-align: justify;\"><strong>Maruchi Ripoll<\/strong><\/p>\n<p style=\"text-align: justify;\">\u00d3leo sobre tela<\/p>\n<p style=\"text-align: justify;\">81 x 60 cms.<\/p>\n<\/div>\n<div class=\"caption5_PR esp28\">\n<div id=\"attachment_836\" style=\"width: 150px\" class=\"wp-caption alignnone\"><a href=\" http:\/\/blogdemaruchiripoll.com\/wp-content\/uploads\/2014\/02\/TENTACION.jpg\"><img aria-describedby=\"caption-attachment-836\" decoding=\"async\" loading=\"lazy\" class=\" wp-image-836\" title=\"T\u00edtulo: TENTACI\u00d3N  -Decada 70-  \u00d3leo sobre tela   -81 x 60 cms.\" alt=\"TENTACION\" src=\" http:\/\/blogdemaruchiripoll.com\/wp-content\/uploads\/2014\/02\/TENTACION-300x222.jpg\" width=\"140\" height=\"104\" srcset=\"http:\/\/blogdemaruchiripoll.com\/wp-content\/uploads\/2014\/02\/TENTACION-300x222.jpg 300w, http:\/\/blogdemaruchiripoll.com\/wp-content\/uploads\/2014\/02\/TENTACION-1024x759.jpg 1024w\" sizes=\"(max-width: 140px) 100vw, 140px\" \/><\/a><p id=\"caption-attachment-836\" class=\"wp-caption-text\">cuadro n\u00ba 5<\/p><\/div>\n<\/div>\n<\/div>\n<div class=\"galeria6_PR\">\n<div class=\"txtimagen_PR_6\">\n<p style=\"text-align: justify;\"><strong><em>MANIPULACI\u00d3N DEL PODER<\/em><\/strong><\/p>\n<p style=\"text-align: justify;\">Pre-Globalista<\/p>\n<p style=\"text-align: justify;\"><strong>Maruchi Ripoll<\/strong><\/p>\n<p style=\"text-align: justify;\">\u00d3leo sobre tela<\/p>\n<p style=\"text-align: justify;\">60 x 81 cms.<\/p>\n<\/div>\n<div class=\"caption6_PR esp13\">\n<div id=\"attachment_838\" style=\"width: 121px\" class=\"wp-caption alignnone\"><a href=\" http:\/\/blogdemaruchiripoll.com\/wp-content\/uploads\/2014\/02\/MANIPODER.jpg\"><img aria-describedby=\"caption-attachment-838\" decoding=\"async\" loading=\"lazy\" class=\" wp-image-838    \" title=\"T\u00edtulo: MANIPULACI\u00d3N DEL PODER  -Decada 70-  \u00d3leo sobre tela  81 x 60 cms.\" alt=\"MANIPODER\" src=\" http:\/\/blogdemaruchiripoll.com\/wp-content\/uploads\/2014\/02\/MANIPODER-224x300.jpg\" width=\"111\" height=\"133\" \/><\/a><p id=\"caption-attachment-838\" class=\"wp-caption-text\">cuadro n\u00ba 6<\/p><\/div>\n<\/div>\n<\/div>\n<div class=\"galeria7_PR\">\n<div class=\"txtimagen_PR_7\">\n<p style=\"text-align: justify;\"><strong><em>ABSTRACCI\u00d3N<\/em><\/strong><\/p>\n<p style=\"text-align: justify;\">Pre-Globalista<\/p>\n<p style=\"text-align: justify;\"><strong>Maruchi Ripoll<\/strong><\/p>\n<p style=\"text-align: justify;\">\u00d3leo sobre tela<\/p>\n<p style=\"text-align: justify;\">81 x 60 cms.<\/p>\n<\/div>\n<div class=\"caption7_PR esp13\">\n<div style=\"width: 121px\" class=\"wp-caption alignnone\"><a href=\" \"><img decoding=\"async\" loading=\"lazy\" class=\" \" title=\"T\u00edtulo: ABSTRACCI\u00d3N  -Decada 70-  \u00d3leo sobre tela  -30 x 41 cms.\" alt=\"ABSTRACCION\" src=\" http:\/\/blogdemaruchiripoll.com\/wp-content\/uploads\/2014\/02\/ABSTRACCION-230x300.jpg\" width=\"111\" height=\"133\" \/><\/a><p class=\"wp-caption-text\">cuadro n\u00ba 7<\/p><\/div>\n<\/div>\n<\/div>\n<div class=\"galeria8_PR\">\n<div class=\"txtimagen_PR_8\">\n<p style=\"text-align: justify;\"><strong><em>BAILARINA NOCTURNA<\/em><\/strong><\/p>\n<p style=\"text-align: justify;\">Pre-Globalista<\/p>\n<p style=\"text-align: justify;\"><strong>Maruchi Ripoll<\/strong><\/p>\n<p style=\"text-align: justify;\">\u00d3leo sobre tela<\/p>\n<p style=\"text-align: justify;\">60 x 81 cms.<\/p>\n<\/div>\n<div class=\"caption8_PR esp28\">\n<div id=\"attachment_852\" style=\"width: 150px\" class=\"wp-caption alignnone\"><a href=\" http:\/\/blogdemaruchiripoll.com\/wp-content\/uploads\/2014\/02\/BAILARINANOCTUR.jpg\"><img aria-describedby=\"caption-attachment-852\" decoding=\"async\" loading=\"lazy\" class=\" wp-image-852 \" title=\"T\u00edtulo: BAILARINA NOCTURNA  -D\u00e9cada 90-  \u00d3leo sobre tela  -32 x 25 cms.\" alt=\"BAILARINANOCTUR\" src=\" http:\/\/blogdemaruchiripoll.com\/wp-content\/uploads\/2014\/02\/BAILARINANOCTUR-300x221.jpg\" width=\"140\" height=\"104\" srcset=\"http:\/\/blogdemaruchiripoll.com\/wp-content\/uploads\/2014\/02\/BAILARINANOCTUR-300x221.jpg 300w, http:\/\/blogdemaruchiripoll.com\/wp-content\/uploads\/2014\/02\/BAILARINANOCTUR.jpg 761w\" sizes=\"(max-width: 140px) 100vw, 140px\" \/><\/a><p id=\"caption-attachment-852\" class=\"wp-caption-text\">cuadro n\u00ba 8<\/p><\/div>\n<\/div>\n<\/div>\n<div class=\"galeria9_PR\">\n<div class=\"txtimagen_PR_9\">\n<p style=\"text-align: justify;\"><strong><em>EMBRUJO DE AMOR<\/em><\/strong><\/p>\n<p style=\"text-align: justify;\">Pre-Globalista<\/p>\n<p style=\"text-align: justify;\"><strong>Maruchi Ripoll<\/strong><\/p>\n<p style=\"text-align: justify;\">\u00d3leo sobre tela<\/p>\n<p style=\"text-align: justify;\">80 x 38 cms.<\/p>\n<\/div>\n<div class=\"caption9_PR esp28\">\n<div id=\"attachment_860\" style=\"width: 150px\" class=\"wp-caption alignnone\"><a href=\" http:\/\/blogdemaruchiripoll.com\/wp-content\/uploads\/2014\/02\/EMBRUJOAMOR.jpg\"><img aria-describedby=\"caption-attachment-860\" decoding=\"async\" loading=\"lazy\" class=\" wp-image-860\" title=\"T\u00edtulo: EMBRUJO DE AMOR  -D\u00e9cada 80-  \u00d3leo sobre tabla  -80 x 38 cms.\" alt=\"EMBRUJOAMOR\" src=\" http:\/\/blogdemaruchiripoll.com\/wp-content\/uploads\/2014\/02\/EMBRUJOAMOR-300x141.jpg\" width=\"140\" height=\"104\" \/><\/a><p id=\"caption-attachment-860\" class=\"wp-caption-text\">cuadro n\u00ba 9<\/p><\/div>\n<\/div>\n<\/div>\n<div class=\"galeria10_PR\">\n<div class=\"txtimagen_PR_10\">\n<p style=\"text-align: justify;\"><strong><em>MUTACI\u00d3N<\/em><\/strong><\/p>\n<p style=\"text-align: justify;\">Pre-Globalista<\/p>\n<p style=\"text-align: justify;\"><strong>Maruchi Ripoll<\/strong><\/p>\n<p style=\"text-align: justify;\">\u00d3leo sobre tela<\/p>\n<p style=\"text-align: justify;\">81 x 60 cms.<\/p>\n<\/div>\n<div class=\"caption10_PR esp28\">\n<div id=\"attachment_858\" style=\"width: 150px\" class=\"wp-caption alignnone\"><img aria-describedby=\"caption-attachment-858\" decoding=\"async\" loading=\"lazy\" class=\" wp-image-858\" title=\"T\u00edtulo_MUTACI\u00d3N  -D\u00e9cada 80-  \u00d3leo sobre tela  -81 x 60 cms.\" alt=\"MUTACION\" src=\" http:\/\/blogdemaruchiripoll.com\/wp-content\/uploads\/2014\/02\/MUTACION-300x223.jpg\" width=\"140\" height=\"104\" srcset=\"http:\/\/blogdemaruchiripoll.com\/wp-content\/uploads\/2014\/02\/MUTACION-300x223.jpg 300w, http:\/\/blogdemaruchiripoll.com\/wp-content\/uploads\/2014\/02\/MUTACION-1024x761.jpg 1024w, http:\/\/blogdemaruchiripoll.com\/wp-content\/uploads\/2014\/02\/MUTACION.jpg 1541w\" sizes=\"(max-width: 140px) 100vw, 140px\" \/><p id=\"caption-attachment-858\" class=\"wp-caption-text\">cuadro n\u00ba 10<\/p><\/div>\n<\/div>\n<\/div>\n<div class=\"galeria11_PR\">\n<div class=\"txtimagen_PR_11\">\n<p style=\"text-align: justify;\"><strong><em>DIFERNCIAS IRRACIONALES<\/em><\/strong><\/p>\n<p style=\"text-align: justify;\">Pre-Globalista<\/p>\n<p style=\"text-align: justify;\"><strong>Maruchi Ripoll<\/strong><\/p>\n<p style=\"text-align: justify;\">\u00d3leo sobre tela<\/p>\n<p style=\"text-align: justify;\">60 x 92 cms.<\/p>\n<\/div>\n<div class=\"caption11_PR esp13\">\n<div id=\"attachment_874\" style=\"width: 121px\" class=\"wp-caption alignnone\"><a href=\" http:\/\/blogdemaruchiripoll.com\/wp-content\/uploads\/2014\/02\/DIFERIRRACION.jpg\"><img aria-describedby=\"caption-attachment-874\" decoding=\"async\" loading=\"lazy\" class=\" wp-image-874\" title=\"T\u00edtulo: DIFERENCIAS IRRACIONALES  -D\u00e9cada 70-  \u00d3leo sobre tela -60 x 92 cms.\" alt=\"DIFERIRRACION\" src=\" http:\/\/blogdemaruchiripoll.com\/wp-content\/uploads\/2014\/02\/DIFERIRRACION-196x300.jpg\" width=\"111\" height=\"133\" \/><\/a><p id=\"caption-attachment-874\" class=\"wp-caption-text\">cuadro n\u00ba 11<\/p><\/div>\n<\/div>\n<\/div>\n<div class=\"galeria12_PR\">\n<div class=\"txtimagen_PR_12\">\n<p style=\"text-align: justify;\"><strong><em>REFLEJO<\/em><\/strong><\/p>\n<p style=\"text-align: justify;\">Pre-Globalista<\/p>\n<p style=\"text-align: justify;\"><strong>Maruchi Ripoll<\/strong><\/p>\n<p style=\"text-align: justify;\">\u00d3leo sobre tela<\/p>\n<p style=\"text-align: justify;\">81 x 60 cms.<\/p>\n<\/div>\n<div class=\"caption12_PR esp13\">\n<div id=\"attachment_872\" style=\"width: 121px\" class=\"wp-caption alignnone\"><a href=\" http:\/\/blogdemaruchiripoll.com\/wp-content\/uploads\/2014\/02\/REFLEJO.jpg\"><img aria-describedby=\"caption-attachment-872\" decoding=\"async\" loading=\"lazy\" class=\" wp-image-872\" title=\"T\u00edtulo: REFLEJO  -Decada 80-  \u00d3leo sobre tela  -65 x 81 cms.\" alt=\"REFLEJO\" src=\" http:\/\/blogdemaruchiripoll.com\/wp-content\/uploads\/2014\/02\/REFLEJO-230x300.jpg\" width=\"111\" height=\"133\" \/><\/a><p id=\"caption-attachment-872\" class=\"wp-caption-text\">cuadro n\u00ba 12<\/p><\/div>\n<\/div>\n<\/div>\n<div class=\"galeria13_PR\">\n<div class=\"txtimagen_PR_13\">\n<p style=\"text-align: justify;\"><strong><em>TRANSICI\u00d3N ESPIRITUAL<\/em><\/strong><\/p>\n<p style=\"text-align: justify;\">Pre-Globalista<\/p>\n<p style=\"text-align: justify;\"><strong>Maruchi Ripoll<\/strong><\/p>\n<p style=\"text-align: justify;\">\u00d3leo sobre tela<\/p>\n<p style=\"text-align: justify;\">73 x 60 cms.<\/p>\n<\/div>\n<div class=\"caption13_PR esp28\">\n<div id=\"attachment_888\" style=\"width: 150px\" class=\"wp-caption alignnone\"><a href=\" http:\/\/blogdemaruchiripoll.com\/wp-content\/uploads\/2014\/02\/TRANSICIONESPIRIT2.jpg\"><img aria-describedby=\"caption-attachment-888\" decoding=\"async\" loading=\"lazy\" class=\" wp-image-888\" title=\"T\u00edtulo: TRANSICI\u00d3N ESPIRITUAL  -Decada 80-  \u00d3leo sobre tela  73 x 60 cms.\" alt=\"TRANSICIONESPIRIT\" src=\" http:\/\/blogdemaruchiripoll.com\/wp-content\/uploads\/2014\/02\/TRANSICIONESPIRIT2-300x247.jpg\" width=\"140\" height=\"104\" \/><\/a><p id=\"caption-attachment-888\" class=\"wp-caption-text\">cuadro n\u00ba 13<\/p><\/div>\n<\/div>\n<\/div>\n<div class=\"galeria14_PR\">\n<div class=\"txtimagen_PR_14\">\n<p style=\"text-align: justify;\"><strong><em>PASI\u00d3N<\/em><\/strong><\/p>\n<p style=\"text-align: justify;\">Pre-Globalista<\/p>\n<p style=\"text-align: justify;\"><strong>Maruchi Ripoll<\/strong><\/p>\n<p style=\"text-align: justify;\">\u00d3leo sobre tela<\/p>\n<p style=\"text-align: justify;\">73 x 60 cms.<\/p>\n<\/div>\n<div class=\"caption14_PR esp28\">\n<div style=\"width: 150px\" class=\"wp-caption alignnone\"><a href=\" http:\/\/blogdemaruchiripoll.com\/wp-content\/uploads\/2014\/02\/PASION.jpg\"><img decoding=\"async\" loading=\"lazy\" title=\"T\u00edtulo: PASI\u00d3N  -Decada 80-  \u00d3leo sobre tela-  70 x 63 cms.\" alt=\"PASION\" src=\" http:\/\/blogdemaruchiripoll.com\/wp-content\/uploads\/2014\/02\/PASION-300x241.jpg\" width=\"140\" height=\"104\" \/><\/a><p class=\"wp-caption-text\">cuadro n\u00ba 14<\/p><\/div>\n<\/div>\n<\/div>\n<div class=\"galeria15_PR\">\n<div class=\"txtimagen_PR_15\">\n<p style=\"text-align: justify;\"><strong><em>LA LEYENDA DE LOS OJOS VERDES (Becquer)<\/em><\/strong><\/p>\n<p style=\"text-align: justify;\">Pre-Globalista<\/p>\n<p style=\"text-align: justify;\"><strong>Maruchi Ripoll<\/strong><\/p>\n<p style=\"text-align: justify;\">\u00d3leo sobre tela<\/p>\n<p style=\"text-align: justify;\">73 x 60 cms.<\/p>\n<\/div>\n<div class=\"caption15_PR esp28\">\n<div id=\"attachment_898\" style=\"width: 150px\" class=\"wp-caption alignnone\"><a href=\" http:\/\/blogdemaruchiripoll.com\/wp-content\/uploads\/2014\/02\/LEYENDAOJOSVERDES.jpg\"><img aria-describedby=\"caption-attachment-898\" decoding=\"async\" loading=\"lazy\" class=\" wp-image-898\" title=\"T\u00edtulo: LEYENDA DE LOS OJOS VERDES (B\u00e9cquer) -D\u00e9cada 80-  \u00d3leo sobre tela  -70 x 63 cms.\" alt=\"LEYENDAOJOSVERDES\" src=\" http:\/\/blogdemaruchiripoll.com\/wp-content\/uploads\/2014\/02\/LEYENDAOJOSVERDES-300x241.jpg\" width=\"140\" height=\"104\" \/><\/a><p id=\"caption-attachment-898\" class=\"wp-caption-text\">cuadro n\u00ba 15<\/p><\/div>\n<\/div>\n<\/div>\n<div class=\"galeria16_PR\">\n<div class=\"txtimagen_PR_16\">\n<p style=\"text-align: justify;\"><strong><em>TORMENTA<\/em><\/strong><\/p>\n<p style=\"text-align: justify;\">Pre-Globalista<\/p>\n<p style=\"text-align: justify;\"><strong>Maruchi Ripoll<\/strong><\/p>\n<p style=\"text-align: justify;\">\u00d3leo sobre tela<\/p>\n<p style=\"text-align: justify;\">73 x 60 cms.<\/p>\n<\/div>\n<div class=\"caption16_PR esp28\">\n<div style=\"width: 150px\" class=\"wp-caption alignnone\"><img decoding=\"async\" loading=\"lazy\" title=\"T\u00edtulo: TORMENTA  -D\u00e9cada 80-  \u00d3leo sobre tela  -70 x 63 cms.\" alt=\"TORMENTA\" src=\" http:\/\/blogdemaruchiripoll.com\/wp-content\/uploads\/2014\/02\/TORMENTA-300x243.jpg\" width=\"140\" height=\"104\" \/><p class=\"wp-caption-text\">cuadro n\u00ba 16<\/p><\/div>\n<\/div>\n<\/div>\n<p><span style=\"text-decoration: underline;\"><em><strong>La \u00e9poca Globalista<\/strong><\/em><\/span> Se inicia en la Decada de los 90, (a partir de 1995) y representa un cambio total de estilo. La artista no deja de enviarnos mensaje pero\u00a0 suaviza mas la presentaci\u00f3n. Cambia las caras y figuras por el paisaje aunque introduce una nueva t\u00e9cnica: \u00ablos relieves con \u00f3leo\u00bb (hasta ahora solo utilizados por ella), que producen un efecto de realidad a los temas que presenta. Arboles,\u00a0 flores, rejas de entradas, etc. A continuaci\u00f3n,\u00a0 los cuadros mas representativos:<\/p>\n<div class=\"galeria1_GL\">\n<div class=\"txtimagen_GL_1\">\n<p style=\"text-align: justify;\"><strong><em>NOSTALGIA DE UN PASADO<\/em><\/strong><\/p>\n<p style=\"text-align: justify;\">Globalista<\/p>\n<p style=\"text-align: justify;\"><strong>Maruchi Ripoll<\/strong><\/p>\n<p style=\"text-align: justify;\">\u00d3leo sobre tela<\/p>\n<p style=\"text-align: justify;\">73 x 60 cms.<\/p>\n<\/div>\n<div class=\"caption1_GL esp28\">\n<div id=\"attachment_914\" style=\"width: 150px\" class=\"wp-caption alignnone\"><a href=\" http:\/\/blogdemaruchiripoll.com\/wp-content\/uploads\/2014\/02\/NOSTALGIAPASADO.jpg\"><img aria-describedby=\"caption-attachment-914\" decoding=\"async\" loading=\"lazy\" class=\" wp-image-914\" title=\"T\u00edtulo: NOSTALGIA DE UN PASADO  -D\u00e9cada 80-  \u00d3leo sobre tela  -73 x 60 cms.\" alt=\"NOSTALGIAPASADO\" src=\" http:\/\/blogdemaruchiripoll.com\/wp-content\/uploads\/2014\/02\/NOSTALGIAPASADO-300x244.jpg\" width=\"140\" height=\"104\" \/><\/a><p id=\"caption-attachment-914\" class=\"wp-caption-text\">cuadro n\u00ba 1<\/p><\/div>\n<\/div>\n<\/div>\n<div class=\"galeria2_GL\">\n<div class=\"txtimagen_GL_2\">\n<p style=\"text-align: justify;\"><strong><em>NEREIDAS DE MAR<\/em><\/strong><\/p>\n<p style=\"text-align: justify;\">Globalista<\/p>\n<p style=\"text-align: justify;\"><strong>Maruchi Ripoll<\/strong><\/p>\n<p style=\"text-align: justify;\">\u00d3leo sobre tela<\/p>\n<p style=\"text-align: justify;\">55 x 46 cms.<\/p>\n<\/div>\n<div class=\"caption2_GL esp28\">\n<div id=\"attachment_916\" style=\"width: 150px\" class=\"wp-caption alignnone\"><a href=\" http:\/\/blogdemaruchiripoll.com\/wp-content\/uploads\/2014\/02\/NEREIDASMAR.jpg\"><img aria-describedby=\"caption-attachment-916\" decoding=\"async\" loading=\"lazy\" class=\" wp-image-916\" title=\"T\u00edtulo: NEREIDAS DE MAR  -D\u00e9cada 80-  \u00d3leo sobre tela -55 x 46 cms.\" alt=\"NEREIDASMAR\" src=\" http:\/\/blogdemaruchiripoll.com\/wp-content\/uploads\/2014\/02\/NEREIDASMAR-300x232.jpg\" width=\"140\" height=\"104\" \/><\/a><p id=\"caption-attachment-916\" class=\"wp-caption-text\">cuadro n\u00ba 2<\/p><\/div>\n<\/div>\n<\/div>\n<div class=\"galeria3_GL\">\n<div class=\"txtimagen_GL_3\">\n<p style=\"text-align: justify;\"><strong><em>PAISAJE R\u00daSTICO<\/em><\/strong><\/p>\n<p style=\"text-align: justify;\">Globalista<\/p>\n<p style=\"text-align: justify;\"><strong>Maruchi Ripoll<\/strong><\/p>\n<p style=\"text-align: justify;\">\u00d3leo sobre tela<\/p>\n<p style=\"text-align: justify;\">65 x 54 cms.<\/p>\n<\/div>\n<div class=\"caption3_GL esp28\">\n<div id=\"attachment_922\" style=\"width: 150px\" class=\"wp-caption alignnone\"><a href=\" http:\/\/blogdemaruchiripoll.com\/wp-content\/uploads\/2014\/02\/PAISAJERUSTICO.jpg\"><img aria-describedby=\"caption-attachment-922\" decoding=\"async\" loading=\"lazy\" class=\" wp-image-922\" title=\"T\u00edtulo: PAISAJE R\u00daSTICO (OSONA)  -D\u00e9cada 80-  \u00d3leo sobre tela  -65 x 54 cms.\" alt=\"PAISAJERUSTICO\" src=\" http:\/\/blogdemaruchiripoll.com\/wp-content\/uploads\/2014\/02\/PAISAJERUSTICO-300x230.jpg\" width=\"140\" height=\"104\" \/><\/a><p id=\"caption-attachment-922\" class=\"wp-caption-text\">cuadro n\u00ba 3<\/p><\/div>\n<\/div>\n<\/div>\n<div class=\"galeria4_GL\">\n<div class=\"txtimagen_GL_4\">\n<p style=\"text-align: justify;\"><strong><em>EL MURO DE LA VIDA<\/em><\/strong><\/p>\n<p style=\"text-align: justify;\">Globalista<\/p>\n<p style=\"text-align: justify;\"><strong>Maruchi Ripoll<\/strong><\/p>\n<p style=\"text-align: justify;\">\u00d3leo sobre tela<\/p>\n<p style=\"text-align: justify;\">73 x 60 cms.<\/p>\n<\/div>\n<div class=\"caption4_GL esp28\">\n<div id=\"attachment_921\" style=\"width: 150px\" class=\"wp-caption alignnone\"><a href=\" http:\/\/blogdemaruchiripoll.com\/wp-content\/uploads\/2014\/02\/MUROVIDA.jpg\"><img aria-describedby=\"caption-attachment-921\" decoding=\"async\" loading=\"lazy\" class=\" wp-image-921 \" title=\"T\u00edtulo: EL MURO DE LA VIDA  -\u00d3leo sobre tela-  73 x 60\" alt=\"MUROVIDA\" src=\" http:\/\/blogdemaruchiripoll.com\/wp-content\/uploads\/2014\/02\/MUROVIDA-300x235.jpg\" width=\"140\" height=\"104\" \/><\/a><p id=\"caption-attachment-921\" class=\"wp-caption-text\">cuadro n\u00ba 4<\/p><\/div>\n<\/div>\n<\/div>\n<div class=\"galeria5_GL\">\n<div class=\"txtimagen_GL_5\">\n<p style=\"text-align: justify;\"><strong><em>VIVIR EN SOLEDAD<\/em><\/strong><\/p>\n<p style=\"text-align: justify;\">Globalista<\/p>\n<p style=\"text-align: justify;\"><strong>Maruchi Ripoll<\/strong><\/p>\n<p style=\"text-align: justify;\">\u00d3leo sobre tela<\/p>\n<p style=\"text-align: justify;\">61 x 50 cms.<\/p>\n<\/div>\n<div class=\"caption5_GL esp28\">\n<div style=\"width: 150px\" class=\"wp-caption alignnone\"><a href=\" http:\/\/blogdemaruchiripoll.com\/wp-content\/uploads\/2014\/02\/VIVIRSOLEDAD.jpg\"><img decoding=\"async\" loading=\"lazy\" title=\"T\u00edtulo: VIVIR EN SOLEDAD  -Globalista-  \u00d3leo sobre tela  -61 x 50 cms.\" alt=\"VIVIRSOLEDAD\" src=\" http:\/\/blogdemaruchiripoll.com\/wp-content\/uploads\/2014\/02\/VIVIRSOLEDAD-300x241.jpg\" width=\"140\" height=\"104\" \/><\/a><p class=\"wp-caption-text\">cuadro n\u00ba 5<\/p><\/div>\n<\/div>\n<\/div>\n<div class=\"galeria6_GL\">\n<div class=\"txtimagen_GL_6\">\n<p style=\"text-align: justify;\"><strong><em>PARQUE DE LOS PUEBLOS DE EUROPA<\/em><\/strong><\/p>\n<p style=\"text-align: justify;\">Globalista<\/p>\n<p style=\"text-align: justify;\"><strong>Maruchi Ripoll<\/strong><\/p>\n<p style=\"text-align: justify;\">\u00d3leo sobre tela<\/p>\n<p style=\"text-align: justify;\">55 x 46 cms.<\/p>\n<\/div>\n<div class=\"caption6_GL esp28\">\n<div id=\"attachment_929\" style=\"width: 150px\" class=\"wp-caption alignnone\"><a href=\" http:\/\/blogdemaruchiripoll.com\/wp-content\/uploads\/2014\/02\/PARQUEEUROPA.jpg\"><img aria-describedby=\"caption-attachment-929\" decoding=\"async\" loading=\"lazy\" class=\" wp-image-929\" title=\"T\u00edtulo: PARQUE DE LOS PUEBLOS DE EUROPA  -Globalista-  \u00d3leo sobre tela  -55 x 46 cms.\" alt=\"PARQUEEUROPA\" src=\" http:\/\/blogdemaruchiripoll.com\/wp-content\/uploads\/2014\/02\/PARQUEEUROPA-300x247.jpg\" width=\"140\" height=\"104\" \/><\/a><p id=\"caption-attachment-929\" class=\"wp-caption-text\">cuadro n\u00ba 6<\/p><\/div>\n<\/div>\n<\/div>\n<div class=\"galeria7_GL\">\n<div class=\"txtimagen_GL_7\">\n<p style=\"text-align: justify;\"><strong><em>SIMBIOSIS DE VIDA<\/em><\/strong><\/p>\n<p style=\"text-align: justify;\">Globalista<\/p>\n<p style=\"text-align: justify;\"><strong>Maruchi Ripoll<\/strong><\/p>\n<p style=\"text-align: justify;\">Acuarela<\/p>\n<p style=\"text-align: justify;\">75 x 55 cms.<\/p>\n<\/div>\n<div class=\"caption7_GL esp28\">\n<div id=\"attachment_935\" style=\"width: 150px\" class=\"wp-caption alignnone\"><a href=\" http:\/\/blogdemaruchiripoll.com\/wp-content\/uploads\/2014\/02\/SIMBIOSISVIDA.jpg\"><img aria-describedby=\"caption-attachment-935\" decoding=\"async\" loading=\"lazy\" class=\" wp-image-935\" title=\"T\u00edtulo: SIMBIOSIS DE VIDA  -Globalista-  \u00d3leo sobre tela  -75 x 55 cms.\" alt=\"SIMBIOSISVIDA\" src=\" http:\/\/blogdemaruchiripoll.com\/wp-content\/uploads\/2014\/02\/SIMBIOSISVIDA-300x220.jpg\" width=\"140\" height=\"104\" srcset=\"http:\/\/blogdemaruchiripoll.com\/wp-content\/uploads\/2014\/02\/SIMBIOSISVIDA-300x220.jpg 300w, http:\/\/blogdemaruchiripoll.com\/wp-content\/uploads\/2014\/02\/SIMBIOSISVIDA-1024x752.jpg 1024w, http:\/\/blogdemaruchiripoll.com\/wp-content\/uploads\/2014\/02\/SIMBIOSISVIDA.jpg 1546w\" sizes=\"(max-width: 140px) 100vw, 140px\" \/><\/a><p id=\"caption-attachment-935\" class=\"wp-caption-text\">cuadro n\u00ba 7<\/p><\/div>\n<\/div>\n<\/div>\n<div class=\"galeria8_GL\">\n<div class=\"txtimagen_GL_8\">\n<p style=\"text-align: justify;\"><strong><em>MISTERIO EN EL BOSQUE<\/em><\/strong><\/p>\n<p style=\"text-align: justify;\">Globalista<\/p>\n<p style=\"text-align: justify;\"><strong>Maruchi Ripoll<\/strong><\/p>\n<p style=\"text-align: justify;\">Acuarela<\/p>\n<p style=\"text-align: justify;\">92 x 69 cms.<\/p>\n<\/div>\n<div class=\"caption8_GL esp28\">\n<div style=\"width: 150px\" class=\"wp-caption alignnone\"><a href=\" http:\/\/blogdemaruchiripoll.com\/wp-content\/uploads\/2014\/02\/MISTERIOBOSQUE.jpg\"><img decoding=\"async\" loading=\"lazy\" class=\" \" title=\"T\u00edtulo: MISTERIO EN EL BOSQUE  -Globalista-  \u00d3leo sobre tela -92 x 69 cms.\" alt=\"MISTERIOBOSQUE\" src=\" http:\/\/blogdemaruchiripoll.com\/wp-content\/uploads\/2014\/02\/MISTERIOBOSQUE-300x219.jpg\" width=\"140\" height=\"104\" \/><\/a><p class=\"wp-caption-text\">cuadro n\u00ba 8<\/p><\/div>\n<\/div>\n<\/div>\n<div class=\"galeria9_GL\">\n<div class=\"txtimagen_GL_9\">\n<p style=\"text-align: justify;\"><strong><em>AGUAS TURBULENTAS<\/em><\/strong><\/p>\n<p style=\"text-align: justify;\">Globalista<\/p>\n<p style=\"text-align: justify;\"><strong>Maruchi Ripoll<\/strong><\/p>\n<p style=\"text-align: justify;\">\u00d3leo sobre tela<\/p>\n<p style=\"text-align: justify;\">35 x 27 cms.<\/p>\n<\/div>\n<div class=\"caption9_GL esp28\">\n<div id=\"attachment_948\" style=\"width: 150px\" class=\"wp-caption alignnone\"><a href=\" http:\/\/blogdemaruchiripoll.com\/wp-content\/uploads\/2014\/02\/AGUASTURBUL.jpg\"><img aria-describedby=\"caption-attachment-948\" decoding=\"async\" loading=\"lazy\" class=\" wp-image-948\" title=\"T\u00edtulo: AGUAS TURBULENTAS  -Globalista-  \u00d3leo sobre tela  -35 x 27 cms.\" alt=\"AGUASTURBUL\" src=\" http:\/\/blogdemaruchiripoll.com\/wp-content\/uploads\/2014\/02\/AGUASTURBUL-300x226.jpg\" width=\"140\" height=\"104\" \/><\/a><p id=\"caption-attachment-948\" class=\"wp-caption-text\">cuadro n\u00ba 9<\/p><\/div>\n<\/div>\n<\/div>\n<div class=\"galeria10_GL\">\n<div class=\"txtimagen_GL_10\">\n<p style=\"text-align: justify;\"><strong><em>FALSAS ESPERANZAS<\/em><\/strong><\/p>\n<p style=\"text-align: justify;\">Globalista<\/p>\n<p style=\"text-align: justify;\"><strong>Maruchi Ripoll<\/strong><\/p>\n<p style=\"text-align: justify;\">\u00d3leo sobre tela<\/p>\n<p style=\"text-align: justify;\">33 x 24 cms.<\/p>\n<\/div>\n<div class=\"caption10_GL esp28\">\n<div style=\"width: 150px\" class=\"wp-caption alignnone\"><a href=\" http:\/\/blogdemaruchiripoll.com\/wp-content\/uploads\/2014\/02\/FALSASESPERAN.jpg\"><img decoding=\"async\" loading=\"lazy\" title=\"T\u00edtulo: FALSAS ESPERANZAS  -Globalista-  \u00d3leo sobre tela  -33 x 24 cms.\" alt=\"FALSASESPERAN\" src=\" http:\/\/blogdemaruchiripoll.com\/wp-content\/uploads\/2014\/02\/FALSASESPERAN-300x213.jpg\" width=\"140\" height=\"104\" \/><\/a><p class=\"wp-caption-text\">cuadro n\u00ba 10<\/p><\/div>\n<\/div>\n<\/div>\n<div class=\"galeria11_GL\">\n<div class=\"txtimagen_GL_11\">\n<p style=\"text-align: justify;\"><strong><em>G\u00c9NESIS BIOL\u00d3GICA<\/em><\/strong><\/p>\n<p style=\"text-align: justify;\">Globalista<\/p>\n<p style=\"text-align: justify;\"><strong>Maruchi Ripoll<\/strong><\/p>\n<p style=\"text-align: justify;\">\u00d3leo sobre tela<\/p>\n<p style=\"text-align: justify;\">33 x 24 cms.<\/p>\n<\/div>\n<div class=\"caption11_GL esp28\">\n<div id=\"attachment_958\" style=\"width: 150px\" class=\"wp-caption alignnone\"><a href=\" http:\/\/blogdemaruchiripoll.com\/wp-content\/uploads\/2014\/02\/GENESISBIO1.jpg\"><img aria-describedby=\"caption-attachment-958\" decoding=\"async\" loading=\"lazy\" class=\" wp-image-958\" title=\"T\u00edtulo: GENESIS BIOL\u00d3GICA  -Globalista-  \u00d3leo sobre tela  -33 x 24 cms.\" alt=\"GENESISBIO\" src=\" http:\/\/blogdemaruchiripoll.com\/wp-content\/uploads\/2014\/02\/GENESISBIO1-300x220.jpg\" width=\"140\" height=\"104\" srcset=\"http:\/\/blogdemaruchiripoll.com\/wp-content\/uploads\/2014\/02\/GENESISBIO1-300x220.jpg 300w, http:\/\/blogdemaruchiripoll.com\/wp-content\/uploads\/2014\/02\/GENESISBIO1-1024x751.jpg 1024w, http:\/\/blogdemaruchiripoll.com\/wp-content\/uploads\/2014\/02\/GENESISBIO1.jpg 1699w\" sizes=\"(max-width: 140px) 100vw, 140px\" \/><\/a><p id=\"caption-attachment-958\" class=\"wp-caption-text\">cuadro n\u00ba 11<\/p><\/div>\n<\/div>\n<\/div>\n<div class=\"galeria12_GL\">\n<div class=\"txtimagen_GL_12\">\n<p style=\"text-align: justify;\"><strong><em>ERMITA DE STA. B\u00c1RBARA(And.)<\/em><\/strong><\/p>\n<p style=\"text-align: justify;\">Globalista<\/p>\n<p style=\"text-align: justify;\"><strong>Maruchi Ripoll<\/strong><\/p>\n<p style=\"text-align: justify;\">\u00d3leo sobre tela<\/p>\n<p style=\"text-align: justify;\">35 x 27 cms.<\/p>\n<\/div>\n<div class=\"caption12_GL esp28\">\n<div style=\"width: 150px\" class=\"wp-caption alignnone\"><a href=\" http:\/\/blogdemaruchiripoll.com\/wp-content\/uploads\/2014\/02\/ERMITASTABARBARA1.jpg\"><img decoding=\"async\" loading=\"lazy\" title=\"T\u00edtulo: ERMITA DE STA. B\u00c1RBARA (AND.)  -Globalista-  \u00d3leo sobre tela  35 x 27 cms.\" alt=\"ERMITASTABARBARA\" src=\" http:\/\/blogdemaruchiripoll.com\/wp-content\/uploads\/2014\/02\/ERMITASTABARBARA1-300x225.jpg\" width=\"140\" height=\"104\" \/><\/a><p class=\"wp-caption-text\">cuadro n\u00ba 12<\/p><\/div>\n<\/div>\n<\/div>\n<div class=\"galeria13_GL\">\n<div class=\"txtimagen_GL_13\">\n<p style=\"text-align: justify;\"><strong><em>MARGINACI\u00d3N<\/em><\/strong><\/p>\n<p style=\"text-align: justify;\">Globalista<\/p>\n<p style=\"text-align: justify;\"><strong>Maruchi Ripoll<\/strong><\/p>\n<p style=\"text-align: justify;\">\u00d3leo sobre tela<\/p>\n<p style=\"text-align: justify;\">22 x 19 cms.<\/p>\n<\/div>\n<div class=\"caption13_GL esp28\">\n<div id=\"attachment_965\" style=\"width: 150px\" class=\"wp-caption alignnone\"><a href=\" http:\/\/blogdemaruchiripoll.com\/wp-content\/uploads\/2014\/02\/MARGINACION.jpg\"><img aria-describedby=\"caption-attachment-965\" decoding=\"async\" loading=\"lazy\" class=\" wp-image-965\" title=\"T\u00edtulo: MARGINACI\u00d3N  -Globalista-  \u00d3leo sobre tela  -81 x 65 cms.\" alt=\"MARGINACION\" src=\" http:\/\/blogdemaruchiripoll.com\/wp-content\/uploads\/2014\/02\/MARGINACION-300x227.jpg\" width=\"140\" height=\"104\" \/><\/a><p id=\"caption-attachment-965\" class=\"wp-caption-text\">cuadro n\u00ba 13<\/p><\/div>\n<\/div>\n<\/div>\n<div class=\"galeria14_GL\">\n<div class=\"txtimagen_GL_14\">\n<p style=\"text-align: justify;\"><strong><em>RENACER DE LA NATURALEZA<\/em><\/strong><\/p>\n<p style=\"text-align: justify;\">Globalista<\/p>\n<p style=\"text-align: justify;\"><strong>Maruchi Ripoll<\/strong><\/p>\n<p style=\"text-align: justify;\">\u00d3leo sobre tela<\/p>\n<p style=\"text-align: justify;\">22 x 27 cms.<\/p>\n<\/div>\n<div class=\"caption14_GL esp13\">\n<div id=\"attachment_968\" style=\"width: 121px\" class=\"wp-caption alignnone\"><a href=\" http:\/\/blogdemaruchiripoll.com\/wp-content\/uploads\/2014\/02\/RENACERNATURA.jpg\"><img aria-describedby=\"caption-attachment-968\" decoding=\"async\" loading=\"lazy\" class=\" wp-image-968\" title=\"T\u00edtulo: RENACER DE LA NATURALEZA  -Globalista-  \u00d3leo sobre tela -22 x 27 cms.\" alt=\"RENACERNATURA\" src=\" http:\/\/blogdemaruchiripoll.com\/wp-content\/uploads\/2014\/02\/RENACERNATURA-244x300.jpg\" width=\"111\" height=\"133\" \/><\/a><p id=\"caption-attachment-968\" class=\"wp-caption-text\">cuadro n\u00ba 14<\/p><\/div>\n<p style=\"text-align: justify;\">\n<\/div>\n<\/div>\n<div class=\"galeria15_GL\">\n<div class=\"txtimagen_GL_15\">\n<p style=\"text-align: justify;\"><strong><em>LA ESPERA<\/em><\/strong><\/p>\n<p style=\"text-align: justify;\">Globalista<\/p>\n<p style=\"text-align: justify;\"><strong>Maruchi Ripoll<\/strong><\/p>\n<p style=\"text-align: justify;\">\u00d3leo sobre tela<\/p>\n<p style=\"text-align: justify;\">27 x 22 cms.<\/p>\n<\/div>\n<div class=\"caption15_GL esp13\">\n<div id=\"attachment_1046\" style=\"width: 121px\" class=\"wp-caption alignnone\"><a href=\" http:\/\/blogdemaruchiripoll.com\/wp-content\/uploads\/2014\/02\/LAESPERA.jpg\"><img aria-describedby=\"caption-attachment-1046\" decoding=\"async\" loading=\"lazy\" class=\" wp-image-1046\" title=\"T\u00edtulo\u00b4: LA ESPERA  -Globalista-  \u00d3leo sobre tela -22 x 27 cms.\" alt=\"LAESPERA\" src=\" http:\/\/blogdemaruchiripoll.com\/wp-content\/uploads\/2014\/02\/LAESPERA-248x300.jpg\" width=\"111\" height=\"133\" srcset=\"http:\/\/blogdemaruchiripoll.com\/wp-content\/uploads\/2014\/02\/LAESPERA-248x300.jpg 248w, http:\/\/blogdemaruchiripoll.com\/wp-content\/uploads\/2014\/02\/LAESPERA-849x1024.jpg 849w, http:\/\/blogdemaruchiripoll.com\/wp-content\/uploads\/2014\/02\/LAESPERA.jpg 1268w\" sizes=\"(max-width: 111px) 100vw, 111px\" \/><\/a><p id=\"caption-attachment-1046\" class=\"wp-caption-text\">cuadro n\u00ba 15<\/p><\/div>\n<p style=\"text-align: justify;\">\n<\/div>\n<\/div>\n<div class=\"galeria16_GL\">\n<div class=\"txtimagen_GL_16\">\n<p style=\"text-align: justify;\"><strong><em>FINAL DESCONOCIDO<\/em><\/strong><\/p>\n<p style=\"text-align: justify;\">Globalista<\/p>\n<p style=\"text-align: justify;\"><strong>Maruchi Ripoll<\/strong><\/p>\n<p style=\"text-align: justify;\">\u00d3leo sobre tela<\/p>\n<p style=\"text-align: justify;\">22 x 27 cms.<\/p>\n<\/div>\n<div class=\"caption16_GL esp28\">\n<div id=\"attachment_1048\" style=\"width: 150px\" class=\"wp-caption alignnone\"><a href=\" http:\/\/blogdemaruchiripoll.com\/wp-content\/uploads\/2014\/02\/FINALDESCONOCIDO.jpg\"><img aria-describedby=\"caption-attachment-1048\" decoding=\"async\" loading=\"lazy\" class=\" wp-image-1048\" title=\"T\u00edtulo: FINAL DESCONOCIDO  -Globalista-  \u00d3leo sobre tela  -27 x 22 cms.\" alt=\"FINALDESCONOCIDO\" src=\" http:\/\/blogdemaruchiripoll.com\/wp-content\/uploads\/2014\/02\/FINALDESCONOCIDO-300x225.jpg\" width=\"140\" height=\"104\" srcset=\"http:\/\/blogdemaruchiripoll.com\/wp-content\/uploads\/2014\/02\/FINALDESCONOCIDO-300x225.jpg 300w, http:\/\/blogdemaruchiripoll.com\/wp-content\/uploads\/2014\/02\/FINALDESCONOCIDO-1024x768.jpg 1024w, http:\/\/blogdemaruchiripoll.com\/wp-content\/uploads\/2014\/02\/FINALDESCONOCIDO.jpg 1631w\" sizes=\"(max-width: 140px) 100vw, 140px\" \/><\/a><p id=\"caption-attachment-1048\" class=\"wp-caption-text\">cuadro n\u00ba 16<\/p><\/div>\n<p style=\"text-align: justify;\">\n<\/div>\n<\/div>\n<div class=\"galeria17_GL\">\n<div class=\"txtimagen_GL_17\">\n<p style=\"text-align: justify;\"><strong><em>LA VENECIA VERDE -Oeste de Francia-<\/em><\/strong><\/p>\n<p style=\"text-align: justify;\">Globalista<\/p>\n<p style=\"text-align: justify;\"><strong>Maruchi Ripoll<\/strong><\/p>\n<p style=\"text-align: justify;\">\u00d3leo sobre tela<\/p>\n<p style=\"text-align: justify;\">22 x 16 cms.<\/p>\n<\/div>\n<div class=\"caption17_GL esp28\">\n<div id=\"attachment_1056\" style=\"width: 150px\" class=\"wp-caption alignnone\"><a href=\" http:\/\/blogdemaruchiripoll.com\/wp-content\/uploads\/2014\/02\/CDROS_Buscando-el-Camino_130725_tratadoPs.jpg\"><img aria-describedby=\"caption-attachment-1056\" decoding=\"async\" loading=\"lazy\" class=\" wp-image-1056\" title=\"T\u00edtulo: LA VENECIA VERDE (Oeste de Francia)  -Globalista-  \u00d3leo sobre tela -22 x 16 cms.\" alt=\"CDROS_Buscando el Camino_130725_tratadoPs\" src=\" http:\/\/blogdemaruchiripoll.com\/wp-content\/uploads\/2014\/02\/CDROS_Buscando-el-Camino_130725_tratadoPs-300x225.jpg\" width=\"140\" height=\"104\" srcset=\"http:\/\/blogdemaruchiripoll.com\/wp-content\/uploads\/2014\/02\/CDROS_Buscando-el-Camino_130725_tratadoPs-300x225.jpg 300w, http:\/\/blogdemaruchiripoll.com\/wp-content\/uploads\/2014\/02\/CDROS_Buscando-el-Camino_130725_tratadoPs-1024x768.jpg 1024w\" sizes=\"(max-width: 140px) 100vw, 140px\" \/><\/a><p id=\"caption-attachment-1056\" class=\"wp-caption-text\">cuadro n\u00ba 17<\/p><\/div>\n<p style=\"text-align: justify;\">\n<\/div>\n<\/div>\n<div class=\"galeria18_GL\">\n<div class=\"txtimagen_GL_18\">\n<p style=\"text-align: justify;\"><strong><em>LAS SOMBRAS DE LOS CIPRESES<\/em><\/strong><\/p>\n<p style=\"text-align: justify;\">Globalista<\/p>\n<p style=\"text-align: justify;\"><strong>Maruchi Ripoll<\/strong><\/p>\n<p style=\"text-align: justify;\">\u00d3leo sobre tela<\/p>\n<p style=\"text-align: justify;\">22 x 16 cms.<\/p>\n<\/div>\n<div class=\"caption18_GL esp28\">\n<div id=\"attachment_1058\" style=\"width: 150px\" class=\"wp-caption alignnone\"><a href=\" http:\/\/blogdemaruchiripoll.com\/wp-content\/uploads\/2014\/02\/CDROS_LaSombra-de-los-Cipreses_130727_tratadoPs.jpg\"><img aria-describedby=\"caption-attachment-1058\" decoding=\"async\" loading=\"lazy\" class=\" wp-image-1058\" title=\"T\u00edtulo_LA SOMBRA DE LOS CIPRESES  -Globalista-  \u00d3leo sobre tela -22 x 16 cms.: \" alt=\"CDROS_LaSombra de los Cipreses_130727_tratadoPs\" src=\" http:\/\/blogdemaruchiripoll.com\/wp-content\/uploads\/2014\/02\/CDROS_LaSombra-de-los-Cipreses_130727_tratadoPs-300x220.jpg\" width=\"140\" height=\"104\" srcset=\"http:\/\/blogdemaruchiripoll.com\/wp-content\/uploads\/2014\/02\/CDROS_LaSombra-de-los-Cipreses_130727_tratadoPs-300x220.jpg 300w, http:\/\/blogdemaruchiripoll.com\/wp-content\/uploads\/2014\/02\/CDROS_LaSombra-de-los-Cipreses_130727_tratadoPs-1024x752.jpg 1024w\" sizes=\"(max-width: 140px) 100vw, 140px\" \/><\/a><p id=\"caption-attachment-1058\" class=\"wp-caption-text\">cuadro n\u00ba 18<\/p><\/div>\n<p style=\"text-align: justify;\">\n<\/div>\n<\/div>\n<div class=\"galeria19_GL\">\n<div class=\"txtimagen_GL_19\">\n<p style=\"text-align: justify;\"><strong><em>HOMENATJE ALS CASTELLERS<\/em><\/strong><\/p>\n<p style=\"text-align: justify;\">Globalista<\/p>\n<p style=\"text-align: justify;\"><strong>Maruchi Ripoll<\/strong><\/p>\n<p style=\"text-align: justify;\">\u00d3leo sobre tela<\/p>\n<p style=\"text-align: justify;\">31 x 43 cms.<\/p>\n<\/div>\n<div class=\"caption19_GL esp13\">\n<div id=\"attachment_1065\" style=\"width: 121px\" class=\"wp-caption alignnone\"><a href=\" http:\/\/blogdemaruchiripoll.com\/wp-content\/uploads\/2014\/02\/CASTELLERS.jpg\"><img aria-describedby=\"caption-attachment-1065\" decoding=\"async\" loading=\"lazy\" class=\" wp-image-1065\" title=\"T\u00edtulo: HOMENATJE ALS CASTELLERS  -Globalista-  \u00d3leo sobre tela  -38 x 46 cms.\" alt=\"CASTELLERS\" src=\" http:\/\/blogdemaruchiripoll.com\/wp-content\/uploads\/2014\/02\/CASTELLERS-246x300.jpg\" width=\"111\" height=\"133\" \/><\/a><p id=\"caption-attachment-1065\" class=\"wp-caption-text\">cuadro n\u00ba 19<\/p><\/div>\n<p style=\"text-align: justify;\">\n<\/div>\n<\/div>\n<div class=\"galeria20_GL\">\n<div class=\"txtimagen_GL_20\">\n<p style=\"text-align: justify;\"><strong><em>BLANCA SOLEDAD<\/em><\/strong><\/p>\n<p style=\"text-align: justify;\">Globalista<\/p>\n<p style=\"text-align: justify;\"><strong>Maruchi Ripoll<\/strong><\/p>\n<p style=\"text-align: justify;\">Acuarela<\/p>\n<p style=\"text-align: justify;\">30 x 35 cms.<\/p>\n<\/div>\n<div class=\"caption20_GL esp28\">\n<div id=\"attachment_1067\" style=\"width: 150px\" class=\"wp-caption alignnone\"><a href=\" http:\/\/blogdemaruchiripoll.com\/wp-content\/uploads\/2014\/02\/BLANCASOLEDAD.jpg\"><img aria-describedby=\"caption-attachment-1067\" decoding=\"async\" loading=\"lazy\" class=\" wp-image-1067 \" title=\"T\u00edtulo: BLANCA SOLEDAD   -Globalista -  Acuarela  -33 x 25 cms.\" alt=\"BLANCASOLEDAD\" src=\" http:\/\/blogdemaruchiripoll.com\/wp-content\/uploads\/2014\/02\/BLANCASOLEDAD-300x208.jpg\" width=\"140\" height=\"104\" \/><\/a><p id=\"caption-attachment-1067\" class=\"wp-caption-text\">cuadro n\u00ba 20<\/p><\/div>\n<p style=\"text-align: justify;\">\n<\/div>\n<\/div>\n<div class=\"galeria21_GL\">\n<div class=\"txtimagen_GL_21\">\n<p style=\"text-align: justify;\"><strong><em>PRIMAVERA<\/em><\/strong><\/p>\n<p style=\"text-align: justify;\">Globalista<\/p>\n<p style=\"text-align: justify;\"><strong>Maruchi Ripoll<\/strong><\/p>\n<p style=\"text-align: justify;\">Acuarela<\/p>\n<p style=\"text-align: justify;\">33 x 25 cms.<\/p>\n<\/div>\n<div class=\"caption21_GL esp28\">\n<div id=\"attachment_973\" style=\"width: 150px\" class=\"wp-caption alignnone\"><a href=\" http:\/\/blogdemaruchiripoll.com\/wp-content\/uploads\/2014\/02\/PRIMAVERA.jpg\"><img aria-describedby=\"caption-attachment-973\" decoding=\"async\" loading=\"lazy\" class=\" wp-image-973 \" title=\"T\u00edtulo: PRIMAVERA  -Globalista-  Acuarela  -33 x 25 cms.\" alt=\"PRIMAVERA\" src=\" http:\/\/blogdemaruchiripoll.com\/wp-content\/uploads\/2014\/02\/PRIMAVERA-300x217.jpg\" width=\"140\" height=\"104\" \/><\/a><p id=\"caption-attachment-973\" class=\"wp-caption-text\">cuadro n\u00ba 21<\/p><\/div>\n<p style=\"text-align: justify;\">\n<\/div>\n<\/div>\n<div class=\"galeria22_GL\">\n<div class=\"txtimagen_GL_22\">\n<p style=\"text-align: justify;\"><strong><em>SOL PONIENTE<\/em><\/strong><\/p>\n<p style=\"text-align: justify;\">Globalista<\/p>\n<p style=\"text-align: justify;\"><strong>Maruchi Ripoll<\/strong><\/p>\n<p style=\"text-align: justify;\">Acuarela<\/p>\n<p style=\"text-align: justify;\">35 x 25 cms.<\/p>\n<\/div>\n<div class=\"caption22_GL esp28\">\n<div id=\"attachment_974\" style=\"width: 150px\" class=\"wp-caption alignnone\"><a href=\" http:\/\/blogdemaruchiripoll.com\/wp-content\/uploads\/2014\/02\/SOLPONIENTE.jpg\"><img aria-describedby=\"caption-attachment-974\" decoding=\"async\" loading=\"lazy\" class=\" wp-image-974\" title=\"T\u00edtulo: SOL PONIENTE  -Globalista-  Acuarela  -35 x 22 cms.\" alt=\"SOLPONIENTE\" src=\" http:\/\/blogdemaruchiripoll.com\/wp-content\/uploads\/2014\/02\/SOLPONIENTE-300x214.jpg\" width=\"140\" height=\"104\" \/><\/a><p id=\"caption-attachment-974\" class=\"wp-caption-text\">cuadro n\u00ba 22<\/p><\/div>\n<p style=\"text-align: justify;\">\n<\/div>\n<\/div>\n<div class=\"galeria23_GL\">\n<div class=\"txtimagen_GL_23\">\n<p style=\"text-align: justify;\"><strong><em>SENSUALIDAD<\/em><\/strong><\/p>\n<p style=\"text-align: justify;\">Globalista<\/p>\n<p style=\"text-align: justify;\"><strong>Maruchi Ripoll<\/strong><\/p>\n<p style=\"text-align: justify;\">Acuarela<\/p>\n<p style=\"text-align: justify;\">31 x 43 cms.<\/p>\n<\/div>\n<div class=\"caption23_GL esp28\">\n<div id=\"attachment_1070\" style=\"width: 150px\" class=\"wp-caption alignnone\"><a href=\" http:\/\/blogdemaruchiripoll.com\/wp-content\/uploads\/2014\/02\/SENSUALIDAD.jpg\"><img aria-describedby=\"caption-attachment-1070\" decoding=\"async\" loading=\"lazy\" class=\" wp-image-1070\" title=\"T\u00edtulo: SENSUALIDAD  -Globalista-  Acuarela  -33 x 25 cms.\" alt=\"SENSUALIDAD\" src=\" http:\/\/blogdemaruchiripoll.com\/wp-content\/uploads\/2014\/02\/SENSUALIDAD-300x226.jpg\" width=\"140\" height=\"104\" \/><\/a><p id=\"caption-attachment-1070\" class=\"wp-caption-text\">cuadro n\u00ba 23<\/p><\/div>\n<p style=\"text-align: justify;\">\n<\/div>\n<\/div>\n<div class=\"galeria24_GL\">\n<div class=\"txtimagen_GL_24\">\n<p style=\"text-align: justify;\"><strong><em>PARA SIEMPRE<\/em><\/strong><\/p>\n<p style=\"text-align: justify;\">Globalista<\/p>\n<p style=\"text-align: justify;\"><strong>Maruchi Ripoll<\/strong><\/p>\n<p style=\"text-align: justify;\">Acuarela<\/p>\n<p style=\"text-align: justify;\">35 x 27 cms.<\/p>\n<\/div>\n<div class=\"caption24_GL esp28\">\n<div id=\"attachment_1071\" style=\"width: 150px\" class=\"wp-caption alignnone\"><a href=\" http:\/\/blogdemaruchiripoll.com\/wp-content\/uploads\/2014\/02\/PARASIEMPRE.jpg\"><img aria-describedby=\"caption-attachment-1071\" decoding=\"async\" loading=\"lazy\" class=\" wp-image-1071\" title=\"T\u00edtulo: PARA SIEMPRE  -Globalista-  Acuarela  -35 x 27 cms.\" alt=\"PARASIEMPRE\" src=\" http:\/\/blogdemaruchiripoll.com\/wp-content\/uploads\/2014\/02\/PARASIEMPRE-300x227.jpg\" width=\"140\" height=\"104\" \/><\/a><p id=\"caption-attachment-1071\" class=\"wp-caption-text\">cuadro n\u00ba 24<\/p><\/div>\n<p style=\"text-align: justify;\">\n<\/div>\n<\/div>\n<div class=\"galeria25_GL\">\n<div class=\"txtimagen_GL_25\">\n<p style=\"text-align: justify;\"><strong><em>FUSI\u00d3N FLORAL<\/em><\/strong><\/p>\n<p style=\"text-align: justify;\">Globalista<\/p>\n<p style=\"text-align: justify;\"><strong>Maruchi Ripoll<\/strong><\/p>\n<p style=\"text-align: justify;\">Acuarela<\/p>\n<p style=\"text-align: justify;\">37 x 28 cms.<\/p>\n<\/div>\n<div class=\"caption25_GL esp28\">\n<div id=\"attachment_1075\" style=\"width: 150px\" class=\"wp-caption alignnone\"><a href=\" http:\/\/blogdemaruchiripoll.com\/wp-content\/uploads\/2014\/02\/FUSIONFLORAL.jpg\"><img aria-describedby=\"caption-attachment-1075\" decoding=\"async\" loading=\"lazy\" class=\" wp-image-1075\" title=\"T\u00edtulo: FUSI\u00d3N FLORAL  -Globalista-  Acuarela  -37 x 28 cms.\" alt=\"FUSIONFLORAL\" src=\" http:\/\/blogdemaruchiripoll.com\/wp-content\/uploads\/2014\/02\/FUSIONFLORAL-300x216.jpg\" width=\"140\" height=\"104\" \/><\/a><p id=\"caption-attachment-1075\" class=\"wp-caption-text\">cuadro n\u00ba 25<\/p><\/div>\n<p style=\"text-align: justify;\">\n<\/div>\n<\/div>\n<div class=\"galeria26_GL\">\n<div class=\"txtimagen_GL_26\">\n<p style=\"text-align: justify;\"><strong><em>RETIRO ESPRITUAL<\/em><\/strong><\/p>\n<p style=\"text-align: justify;\">Globalista<\/p>\n<p style=\"text-align: justify;\"><strong>Maruchi Ripoll<\/strong><\/p>\n<p style=\"text-align: justify;\">Acuarela<\/p>\n<p style=\"text-align: justify;\">33 x 25 cms.<\/p>\n<\/div>\n<div class=\"caption26_GL esp28\">\n<div id=\"attachment_1077\" style=\"width: 150px\" class=\"wp-caption alignnone\"><a href=\" http:\/\/blogdemaruchiripoll.com\/wp-content\/uploads\/2014\/02\/RETIROESPRITUAL.jpg\"><img aria-describedby=\"caption-attachment-1077\" decoding=\"async\" loading=\"lazy\" class=\" wp-image-1077\" title=\"T\u00edtulo: RETIRO ESPRITUAL  -Globalista-  Acuarela  -33 x 25 cms.\" alt=\"RETIROESPRITUAL\" src=\" http:\/\/blogdemaruchiripoll.com\/wp-content\/uploads\/2014\/02\/RETIROESPRITUAL-300x208.jpg\" width=\"140\" height=\"104\" \/><\/a><p id=\"caption-attachment-1077\" class=\"wp-caption-text\">cuadro n\u00ba 26<\/p><\/div>\n<p style=\"text-align: justify;\">\n<\/div>\n<\/div>\n<div class=\"galeria27_GL\">\n<div class=\"txtimagen_GL_27\">\n<p style=\"text-align: justify;\"><strong><em>TELA DE ARA\u00d1A<\/em><\/strong><\/p>\n<p style=\"text-align: justify;\">Globalista<\/p>\n<p style=\"text-align: justify;\"><strong>Maruchi Ripoll<\/strong><\/p>\n<p style=\"text-align: justify;\">Acuarela<\/p>\n<p style=\"text-align: justify;\">37 x 28 cms.<\/p>\n<\/div>\n<div class=\"caption27_GL esp28\">\n<div id=\"attachment_1080\" style=\"width: 150px\" class=\"wp-caption alignnone\"><a href=\" http:\/\/blogdemaruchiripoll.com\/wp-content\/uploads\/2014\/02\/TELAARANA.jpg\"><img aria-describedby=\"caption-attachment-1080\" decoding=\"async\" loading=\"lazy\" class=\" wp-image-1080\" title=\"T\u00edtulo: TELA DE ARA\u00d1A   -Globalista-  Acuarela  -33 x 25 cms.\" alt=\"TELAARANA\" src=\" http:\/\/blogdemaruchiripoll.com\/wp-content\/uploads\/2014\/02\/TELAARANA-300x219.jpg\" width=\"140\" height=\"104\" \/><\/a><p id=\"caption-attachment-1080\" class=\"wp-caption-text\">cuadro n\u00ba 27<\/p><\/div>\n<p style=\"text-align: justify;\">\n<\/div>\n<\/div>\n<div class=\"galeria28_GL\">\n<div class=\"txtimagen_GL_28\">\n<p style=\"text-align: justify;\"><strong><em>QUIMERA<\/em><\/strong><\/p>\n<p style=\"text-align: justify;\">Globalista<\/p>\n<p style=\"text-align: justify;\"><strong>Maruchi Ripoll<\/strong><\/p>\n<p style=\"text-align: justify;\">Acuarela<\/p>\n<p style=\"text-align: justify;\">35 x 27 cms.<\/p>\n<\/div>\n<div class=\"caption28_GL esp28\">\n<div id=\"attachment_1082\" style=\"width: 150px\" class=\"wp-caption alignnone\"><a href=\" http:\/\/blogdemaruchiripoll.com\/wp-content\/uploads\/2014\/02\/QUIMERA.jpg\"><img aria-describedby=\"caption-attachment-1082\" decoding=\"async\" loading=\"lazy\" class=\" wp-image-1082 \" title=\"T\u00edtulo: QUIMERA  -Globalista-  Acuarela   -35 x 27 cms.\" alt=\"QUIMERA\" src=\" http:\/\/blogdemaruchiripoll.com\/wp-content\/uploads\/2014\/02\/QUIMERA-300x226.jpg\" width=\"140\" height=\"104\" \/><\/a><p id=\"caption-attachment-1082\" class=\"wp-caption-text\">cuadro n\u00ba 28<\/p><\/div>\n<p style=\"text-align: justify;\">\n<\/div>\n<\/div>\n<div class=\"galeria29_GL\">\n<div class=\"txtimagen_GL_29\">\n<p style=\"text-align: justify;\"><strong><em>ALUCINACI\u00d3N<\/em><\/strong><\/p>\n<p style=\"text-align: justify;\">Globalista<\/p>\n<p style=\"text-align: justify;\"><strong>Maruchi Ripoll<\/strong><\/p>\n<p style=\"text-align: justify;\">Acuarela<\/p>\n<p style=\"text-align: justify;\">35 x 25 cms.<\/p>\n<\/div>\n<div class=\"caption29_GL esp28\">\n<div id=\"attachment_1092\" style=\"width: 150px\" class=\"wp-caption alignnone\"><a href=\" http:\/\/blogdemaruchiripoll.com\/wp-content\/uploads\/2014\/02\/ALUCINACION.jpg\"><img aria-describedby=\"caption-attachment-1092\" decoding=\"async\" loading=\"lazy\" class=\" wp-image-1092\" title=\"T\u00edtulo: ALUCINACI\u00d3N  -Globalista-  Acuarela  -35 x 25 cms.\" alt=\"ALUCINACION\" src=\" http:\/\/blogdemaruchiripoll.com\/wp-content\/uploads\/2014\/02\/ALUCINACION-300x220.jpg\" width=\"140\" height=\"104\" srcset=\"http:\/\/blogdemaruchiripoll.com\/wp-content\/uploads\/2014\/02\/ALUCINACION-300x220.jpg 300w, http:\/\/blogdemaruchiripoll.com\/wp-content\/uploads\/2014\/02\/ALUCINACION-1024x753.jpg 1024w\" sizes=\"(max-width: 140px) 100vw, 140px\" \/><\/a><p id=\"caption-attachment-1092\" class=\"wp-caption-text\">cuadro n\u00ba 29<\/p><\/div>\n<p style=\"text-align: justify;\">\n<\/div>\n<\/div>\n<div class=\"galeria30_GL\">\n<div class=\"txtimagen_GL_30\">\n<p style=\"text-align: justify;\"><strong><em>BAILE EN EL BOSQUE<\/em><\/strong><\/p>\n<p style=\"text-align: justify;\">Globalista<\/p>\n<p style=\"text-align: justify;\"><strong>Maruchi Ripoll<\/strong><\/p>\n<p style=\"text-align: justify;\">Acuarela<\/p>\n<p style=\"text-align: justify;\">33 x 25 cms.<\/p>\n<\/div>\n<div class=\"caption30_GL esp28\">\n<div id=\"attachment_1094\" style=\"width: 150px\" class=\"wp-caption alignnone\"><a href=\" http:\/\/blogdemaruchiripoll.com\/wp-content\/uploads\/2014\/02\/BAILEBOSQUE.jpg\"><img aria-describedby=\"caption-attachment-1094\" decoding=\"async\" loading=\"lazy\" class=\" wp-image-1094\" title=\"T\u00edtulo: BAILE EN EL BOSQUE  -Globalista-  Acuarela  -33 x 25 cms.\" alt=\"BAILEBOSQUE\" src=\" http:\/\/blogdemaruchiripoll.com\/wp-content\/uploads\/2014\/02\/BAILEBOSQUE-300x217.jpg\" width=\"140\" height=\"104\" \/><\/a><p id=\"caption-attachment-1094\" class=\"wp-caption-text\">cuadro n\u00ba 30<\/p><\/div>\n<p style=\"text-align: justify;\">\n<\/div>\n<\/div>\n<div class=\"galeria31_GL\">\n<div class=\"txtimagen_GL_31\">\n<p style=\"text-align: justify;\"><strong><em>DUNAS BLANCAS<\/em><\/strong><\/p>\n<p style=\"text-align: justify;\">Globalista<\/p>\n<p style=\"text-align: justify;\"><strong>Maruchi Ripoll<\/strong><\/p>\n<p style=\"text-align: justify;\">Acuarela<\/p>\n<p style=\"text-align: justify;\">35 x 25 cms.<\/p>\n<\/div>\n<div class=\"caption31_GL esp28\">\n<div id=\"attachment_1485\" style=\"width: 150px\" class=\"wp-caption alignnone\"><a href=\" http:\/\/blogdemaruchiripoll.com\/wp-content\/uploads\/2014\/02\/DUNASBLANCAS2.jpg\"><img aria-describedby=\"caption-attachment-1485\" decoding=\"async\" loading=\"lazy\" class=\" wp-image-1485\" title=\"T\u00edtulo: DUNAS BLANCAS   -Globalista -  Acuarela  -33 x 25 cms.\" alt=\"DUNASBLANCAS\" src=\" http:\/\/blogdemaruchiripoll.com\/wp-content\/uploads\/2014\/02\/DUNASBLANCAS2-300x232.jpg\" width=\"140\" height=\"104\" \/><\/a><p id=\"caption-attachment-1485\" class=\"wp-caption-text\">cuadro n\u00ba 31<\/p><\/div>\n<\/div>\n<\/div>\n<div class=\"galeria32_GL\">\n<div class=\"txtimagen_GL_32\">\n<p style=\"text-align: justify;\"><strong><em>PAISAJE EN LILA<\/em><\/strong><\/p>\n<p style=\"text-align: justify;\">Globalista<\/p>\n<p style=\"text-align: justify;\"><strong>Maruchi Ripoll<\/strong><\/p>\n<p style=\"text-align: justify;\">Acuarela<\/p>\n<p style=\"text-align: justify;\">35 x 27 cms.<\/p>\n<\/div>\n<div class=\"caption32_GL esp28\">\n<div id=\"attachment_1100\" style=\"width: 150px\" class=\"wp-caption alignnone\"><a href=\" http:\/\/blogdemaruchiripoll.com\/wp-content\/uploads\/2014\/02\/PAISAJELILA.jpg\"><img aria-describedby=\"caption-attachment-1100\" decoding=\"async\" loading=\"lazy\" class=\" wp-image-1100\" title=\"T\u00edtulo: PAISAJE EN LILA   -Globalista-  Acuarela  -33 x 25 cms.\" alt=\"PAISAJELILA\" src=\" http:\/\/blogdemaruchiripoll.com\/wp-content\/uploads\/2014\/02\/PAISAJELILA-300x231.jpg\" width=\"140\" height=\"104\" \/><\/a><p id=\"caption-attachment-1100\" class=\"wp-caption-text\">cuadro n\u00ba 32<\/p><\/div>\n<p style=\"text-align: justify;\">\n<\/div>\n<\/div>\n<h3>COLECCI\u00d3N DE ESCULTURAS DE BRONCE DE LA \u00abARTISTA\u00bb<\/h3>\n<p>&nbsp;<\/p>\n<p style=\"text-align: justify;\">Hay que resaltar, que todas las esculturas dise\u00f1adas por la \u00abArtista\u00bb,\u00a0 estan hechas de bronce, metal noble y adecuado, por el buen aspecto que d\u00e1 a la figuras esculpidas. Tambien es notoria,\u00a0 la poes\u00eda que imprime en la composici\u00f3n y tallado de las esculturas que nos presenta la \u00abArtista\u00bb.<\/p>\n<p>Se presentan a continuaci\u00f3n cinco esculturas, como representaci\u00f3n de su obra en este \u00e1mbito :<\/p>\n<div class=\"modulo\">\n<p><span style=\"text-decoration: underline;\"><em><strong>primera escultura de la colecci\u00f3n<\/strong><\/em><\/span><\/p>\n<div class=\"galeria\">\n<div class=\"caption esp23\">\n<div id=\"attachment_286\" style=\"width: 227px\" class=\"wp-caption alignnone\"><a href=\" http:\/\/blogdemaruchiripoll.com\/wp-content\/uploads\/2014\/02\/LA-DAMA-DEL-ESPEJO.jpg\"><img aria-describedby=\"caption-attachment-286\" decoding=\"async\" loading=\"lazy\" class=\"size-medium wp-image-286 \" title=\"LA DAMA DEL ESPEJO  -bronce-  22  x  55 cms.\" alt=\"LA DAMA DEL ESPEJO\" src=\" http:\/\/blogdemaruchiripoll.com\/wp-content\/uploads\/2014\/02\/LA-DAMA-DEL-ESPEJO-217x300.jpg\" width=\"217\" height=\"300\" srcset=\"http:\/\/blogdemaruchiripoll.com\/wp-content\/uploads\/2014\/02\/LA-DAMA-DEL-ESPEJO-217x300.jpg 217w, http:\/\/blogdemaruchiripoll.com\/wp-content\/uploads\/2014\/02\/LA-DAMA-DEL-ESPEJO-743x1024.jpg 743w, http:\/\/blogdemaruchiripoll.com\/wp-content\/uploads\/2014\/02\/LA-DAMA-DEL-ESPEJO.jpg 1311w\" sizes=\"(max-width: 217px) 100vw, 217px\" \/><\/a><p id=\"caption-attachment-286\" class=\"wp-caption-text\">escultura n\u00ba 1<\/p><\/div>\n<\/div>\n<div class=\"txtimagen_1_ES_DE\">\n<p style=\"text-align: justify;\">Titulo: LA DAMA DEL ESPEJO\u00a0 -25 x 45 cms.-\u00a0 bronce.<\/p>\n<p style=\"text-align: justify;\">Maruchi Ripoll, se inspira en el famoso cuadro de Velazquez: \u00abLa Venus del espejo\u00bb, para crear esta rom\u00e1ntica y sensual escultura. No obstante, traslada la composici\u00f3n a nuestro tiempo y lo que el famoso pintor defin\u00eda a la mujer como \u00abVenus\u00bb, ella la define como \u00abDama\u00bb.<\/p>\n<p style=\"text-align: justify;\">La \u00abArtista se aparta de la pura mitolog\u00eda y nos d\u00e1 su propia versi\u00f3n. \u00abLa Dama desnuda y sensual, se mira al espejo simb\u00f3lico, que le sujeta un angel querub\u00edn, para purificarse espiritualmente, aspirando a la perfecci\u00f3n interna de su ser\u00bb.<\/p>\n<\/div>\n<\/div>\n<\/div>\n<div class=\"modulo\">\n<p><span style=\"text-decoration: underline;\"><em><strong>segunda escultura de la colecci\u00f3n<\/strong><\/em><\/span><\/p>\n<div class=\"galeria\">\n<div class=\"caption esp13\">\n<div id=\"attachment_288\" style=\"width: 229px\" class=\"wp-caption alignnone\"><a href=\" http:\/\/blogdemaruchiripoll.com\/wp-content\/uploads\/2014\/02\/RAICES-DE-MUJER-2.jpg\"><img aria-describedby=\"caption-attachment-288\" decoding=\"async\" loading=\"lazy\" class=\"size-medium wp-image-288\" title=\"T\u00edtulo: RA\u00cdCES DE MUJER  -bronce-  45  x  50 cms.\" alt=\"RAICES DE MUJER (2)\" src=\" http:\/\/blogdemaruchiripoll.com\/wp-content\/uploads\/2014\/02\/RAICES-DE-MUJER-2-219x300.jpg\" width=\"219\" height=\"300\" srcset=\"http:\/\/blogdemaruchiripoll.com\/wp-content\/uploads\/2014\/02\/RAICES-DE-MUJER-2-219x300.jpg 219w, http:\/\/blogdemaruchiripoll.com\/wp-content\/uploads\/2014\/02\/RAICES-DE-MUJER-2-748x1024.jpg 748w, http:\/\/blogdemaruchiripoll.com\/wp-content\/uploads\/2014\/02\/RAICES-DE-MUJER-2.jpg 1311w\" sizes=\"(max-width: 219px) 100vw, 219px\" \/><\/a><p id=\"caption-attachment-288\" class=\"wp-caption-text\">escultura n\u00ba 2<\/p><\/div>\n<\/div>\n<div class=\"txtimagen_1_ES_RM\">\n<p style=\"text-align: justify;\">Titulo: RA\u00cdCES DE MUJER\u00a0 -30 x 33 cms.-\u00a0 bronce.<\/p>\n<p style=\"text-align: justify;\">Contemplando la escultura se adivina el simbolismo que ha querido dar a la misma, comparando a la mujer con la cepa o tronco de la vid, cuyas ra\u00edces est\u00e1n en la tierra,\u00a0 pero cuando es\u00a0 el momento,\u00a0 aflora\u00a0 al exterior y brotan los frutos.<\/p>\n<p style=\"text-align: justify;\">Para la mujer los \u00abfrutos\u00bb equivale a dar vida, las raices ser\u00e1n su aposento y el de los suyos y\u00a0 luchar\u00e1 por su reconocimiento e igualdad.<\/p>\n<p style=\"text-align: justify;\">\n<\/div>\n<\/div>\n<\/div>\n<div class=\"modulo\">\n<p><span style=\"text-decoration: underline;\"><em><strong>tercera escultura de la colecci\u00f3n<\/strong><\/em><\/span><\/p>\n<div class=\"galeria\">\n<div class=\"caption esp19\">\n<div id=\"attachment_291\" style=\"width: 227px\" class=\"wp-caption alignnone\"><a href=\" http:\/\/blogdemaruchiripoll.com\/wp-content\/uploads\/2014\/02\/ESCULTURA-2.jpg\"><img aria-describedby=\"caption-attachment-291\" decoding=\"async\" loading=\"lazy\" class=\"size-medium wp-image-291 \" title=\"T\u00edtulo: \u00c9XTASIS  -Bronce-  45 x 45 cms.\" alt=\"ESCULTURA 2\" src=\" http:\/\/blogdemaruchiripoll.com\/wp-content\/uploads\/2014\/02\/ESCULTURA-2-217x300.jpg\" width=\"217\" height=\"300\" srcset=\"http:\/\/blogdemaruchiripoll.com\/wp-content\/uploads\/2014\/02\/ESCULTURA-2-217x300.jpg 217w, http:\/\/blogdemaruchiripoll.com\/wp-content\/uploads\/2014\/02\/ESCULTURA-2-743x1024.jpg 743w, http:\/\/blogdemaruchiripoll.com\/wp-content\/uploads\/2014\/02\/ESCULTURA-2.jpg 1311w\" sizes=\"(max-width: 217px) 100vw, 217px\" \/><\/a><p id=\"caption-attachment-291\" class=\"wp-caption-text\">escultura n \u00ba 3<\/p><\/div>\n<\/div>\n<div class=\"txtimagen_1_ES_EX\">\n<p style=\"text-align: justify;\">Titulo: \u00c9XTASIS\u00a0 -26 x 30 cms.-\u00a0 bronce.<\/p>\n<p style=\"text-align: justify;\">Ha concebido esta escultura con un estado de plenitud m\u00e1xima, comparable a la que se crea en la persona, que alcanza un estado de \u00e9xtasis.<\/p>\n<p style=\"text-align: justify;\">Cuando ello ocurre, produce una desconexi\u00f3n con la realidad objetiva, para conectarse con una realidad puramente mental, dirigida hacia s\u00ed mismo. La persona que experimenta el \u00e9xtasis a menudo desconecta sus sentidos hacia el exterior y los enfoca hacia el interior.<\/p>\n<p style=\"text-align: justify;\">Tambi\u00e9n es un estado del alma, embargado por un sentimiento m\u00edstico, la contemplaci\u00f3n y el amor que sensualiza los sentidos.<\/p>\n<\/div>\n<\/div>\n<\/div>\n<div class=\"modulo\">\n<p><span style=\"text-decoration: underline;\"><em><strong>cuarta escultura de la colecci\u00f3n<\/strong><\/em><\/span><\/p>\n<div class=\"galeria\">\n<div class=\"caption esp55\">\n<div id=\"attachment_311\" style=\"width: 367px\" class=\"wp-caption alignnone\"><a href=\" http:\/\/blogdemaruchiripoll.com\/wp-content\/uploads\/2014\/02\/ANSIEDAD1.jpg\"><img aria-describedby=\"caption-attachment-311\" decoding=\"async\" loading=\"lazy\" class=\" wp-image-311 \" title=\"T\u00edtulo: ANSIEDAD  -Bronce-  50 x 15 cms.\" alt=\"ANSIEDAD1\" src=\" http:\/\/blogdemaruchiripoll.com\/wp-content\/uploads\/2014\/02\/ANSIEDAD1-300x225.jpg\" width=\"357\" height=\"268\" srcset=\"http:\/\/blogdemaruchiripoll.com\/wp-content\/uploads\/2014\/02\/ANSIEDAD1-300x225.jpg 300w, http:\/\/blogdemaruchiripoll.com\/wp-content\/uploads\/2014\/02\/ANSIEDAD1-1024x768.jpg 1024w\" sizes=\"(max-width: 357px) 100vw, 357px\" \/><\/a><p id=\"caption-attachment-311\" class=\"wp-caption-text\">escultura n\u00ba 4<\/p><\/div>\n<\/div>\n<div class=\"txtimagen_1_ES_AN\">\n<p style=\"text-align: justify;\">Titulo: ANSIEDAD\u00a0 -35 x12 cms.-\u00a0 bronce.<\/p>\n<p style=\"text-align: justify;\">Es un estado de desesperaci\u00f3n constante, que hace que no se vivan ni se disfruten los momentos presentes, pensando siempre en lo que hay que hacer despu\u00e9s<\/p>\n<p style=\"text-align: justify;\">Bajo este concepto, la escultura refleja la angustia y desaz\u00f3n del libro de la vida, deseando vehementemente, dejar paso al destino, claro, sobrio y limpio con un claro amanecer<\/p>\n<\/div>\n<\/div>\n<\/div>\n<div class=\"modulo\">\n<p><span style=\"text-decoration: underline;\"><em><strong>quinta escultura de la colecci\u00f3n<\/strong><\/em><\/span><\/p>\n<div class=\"galeria\">\n<div class=\"caption esp9\">\n<div id=\"attachment_1557\" style=\"width: 310px\" class=\"wp-caption alignnone\"><a href=\" http:\/\/blogdemaruchiripoll.com\/wp-content\/uploads\/2014\/02\/ABRAZO-MILENARIO11.jpg\"><img aria-describedby=\"caption-attachment-1557\" decoding=\"async\" loading=\"lazy\" class=\"size-medium wp-image-1557\" title=\"T\u00edtulo: ABRAZO MILENARIO  -Bronce-  45 x 45 cms.\" alt=\"ABRAZO MILENARIO1\" src=\" http:\/\/blogdemaruchiripoll.com\/wp-content\/uploads\/2014\/02\/ABRAZO-MILENARIO11-300x239.jpg\" width=\"300\" height=\"239\" srcset=\"http:\/\/blogdemaruchiripoll.com\/wp-content\/uploads\/2014\/02\/ABRAZO-MILENARIO11-300x239.jpg 300w, http:\/\/blogdemaruchiripoll.com\/wp-content\/uploads\/2014\/02\/ABRAZO-MILENARIO11-1024x818.jpg 1024w\" sizes=\"(max-width: 300px) 100vw, 300px\" \/><\/a><p id=\"caption-attachment-1557\" class=\"wp-caption-text\">escultura n\u00ba 5<\/p><\/div>\n<\/div>\n<div class=\"txtimagen_1_ES_AM\">\n<p style=\"text-align: justify;\">Titulo: ABRAZO MILENERIO -33 x 27 cms.- bronce.<\/p>\n<p style=\"text-align: justify;\">Con todo el esplendor de su sabidur\u00eda, atrav\u00e9s de sus a\u00f1os, transmite a su nietecita adolescente, el misterio de la vida y aclara sus temores hacia lo desconocido.<\/p>\n<\/div>\n<\/div>\n<\/div>\n","protected":false},"excerpt":{"rendered":"<p>Introducci\u00f3n Aunque en su mayor parte la componen \u00abcuadros\u00bb, tambien dispone de un apartado para exhibir las esculturas dise\u00f1adas por Maruchi Ripoll. En\u00a0 lo concerniente a \u00abcuadros\u00bb hay que distinguir\u00a0 [&hellip;]<\/p>\n","protected":false},"author":1,"featured_media":0,"parent":0,"menu_order":0,"comment_status":"open","ping_status":"open","template":"","meta":[],"_links":{"self":[{"href":"http:\/\/blogdemaruchiripoll.com\/index.php\/wp-json\/wp\/v2\/pages\/133"}],"collection":[{"href":"http:\/\/blogdemaruchiripoll.com\/index.php\/wp-json\/wp\/v2\/pages"}],"about":[{"href":"http:\/\/blogdemaruchiripoll.com\/index.php\/wp-json\/wp\/v2\/types\/page"}],"author":[{"embeddable":true,"href":"http:\/\/blogdemaruchiripoll.com\/index.php\/wp-json\/wp\/v2\/users\/1"}],"replies":[{"embeddable":true,"href":"http:\/\/blogdemaruchiripoll.com\/index.php\/wp-json\/wp\/v2\/comments?post=133"}],"version-history":[{"count":281,"href":"http:\/\/blogdemaruchiripoll.com\/index.php\/wp-json\/wp\/v2\/pages\/133\/revisions"}],"predecessor-version":[{"id":1635,"href":"http:\/\/blogdemaruchiripoll.com\/index.php\/wp-json\/wp\/v2\/pages\/133\/revisions\/1635"}],"wp:attachment":[{"href":"http:\/\/blogdemaruchiripoll.com\/index.php\/wp-json\/wp\/v2\/media?parent=133"}],"curies":[{"name":"wp","href":"https:\/\/api.w.org\/{rel}","templated":true}]}}