{"id":162,"date":"2014-02-11T18:25:48","date_gmt":"2014-02-11T18:25:48","guid":{"rendered":"http:\/\/blogdemaruchiripoll.com\/?page_id=162"},"modified":"2019-09-06T15:46:57","modified_gmt":"2019-09-06T15:46:57","slug":"cuadros-especiales","status":"publish","type":"page","link":"http:\/\/blogdemaruchiripoll.com\/index.php\/cuadros-especiales\/","title":{"rendered":"Cuadros Especiales"},"content":{"rendered":"<h3><\/h3>\n<p><span style=\"text-decoration: underline;\"><em><strong>\u00bfQue son cuadros especiales?<\/strong><\/em><\/span><\/p>\n<p>Para definirlos de una forma muy sencilla,\u00a0 diremos que son aquellos que no son fruto directo de la inspiraci\u00f3n espontanea de La \u00abArtista\u00bb, sino que nacen de un encargo o bien son creados por ella para honrar a Catalunya, o alg\u00fan estamento de nuestra Comunidad.<\/p>\n<p>Para mejor entender, los clasificaremos en tres grupos:<\/p>\n<ol>\n<li>Cuadros especiales de edificios emblem\u00e1ticos (Barcelona y Catalunya)<\/li>\n<li>Cuadros especiales en honor a Catalunya<\/li>\n<li>Cuadros especiales de s\u00edmbolos de Barcelona<\/li>\n<li>Cuadros especiales de edificios\u00a0 y paisajes de Catalunya Nord y Andorra<\/li>\n<\/ol>\n<p><span style=\"text-decoration: underline;\"><em><strong>1.- Cuadros especiales de lugares y edificios emblem\u00e1ticos<br \/>\n<\/strong><\/em><\/span><\/p>\n<p>Se realizan por encargo, y para su elaboraci\u00f3n hay que sujetarse a un modelo determinado. En general una\u00a0 o m\u00e1s fotograf\u00edas del elemento a pintar.<\/p>\n<p>En este grupo distinguiremos como m\u00e1s emblem\u00e1ticos: \u00abEl Pati dels Tarongers\u00bb (Palau de la Generalitat) ;\u00a0 el anterior \u00abTeatro del Liceo\u00bb y el \u00abPalau de la M\u00fasica\u00bb y tambi\u00e9n es digno de ellos,\u00a0 el \u00abClaustro de la Catedral de la Seo de Urgell\u00bb.<\/p>\n<p><span style=\"text-decoration: underline;\"><em><strong>Aspectos que los distinguen<\/strong><\/em><\/span><\/p>\n<p>Aunque no son genuinamente globalistas, porque hay que ajustarse a la m\u00e1xima realidad del modelo, s\u00ed hay que decir, que tienen determinad0s aspectos de este estilo. En los tres cuadros presentados se observan pronunciados relieves en las figuras o en sus elementos decorativos.<\/p>\n<h3>LUGARES\u00a0 EMBLEM\u00c1TICOS\u00a0 DE\u00a0 BARCELONA<\/h3>\n<div class=\"modulo\">\n<p><span style=\"text-decoration: underline;\"><em><strong>Cuadro del \u00abPati dels Tarongers\u00bb<\/strong><\/em><\/span><\/p>\n<div class=\"galeria\">\n<div class=\"caption esp75\" style=\"margin-top: 104px;\">\n<div id=\"attachment_2162\" style=\"width: 310px\" class=\"wp-caption alignnone\"><a href=\"http:\/\/blogdemaruchiripoll.com\/wp-content\/uploads\/2019\/09\/El-Pati-dels-Tarongers_Cuadros-Especiales-para-Blog_OKK.jpg\"><img aria-describedby=\"caption-attachment-2162\" decoding=\"async\" loading=\"lazy\" class=\"wp-image-2162 size-medium\" title=\"Titulo: EL PATI DELS TARONGERS  (Palau de la Generalitat)   - 92 x 73 - \u00f3leo sobre tela \" src=\"http:\/\/blogdemaruchiripoll.com\/wp-content\/uploads\/2019\/09\/El-Pati-dels-Tarongers_Cuadros-Especiales-para-Blog_OKK-300x235.jpg\" alt=\"EL PATI DELS TARONGERS\" width=\"300\" height=\"235\" srcset=\"http:\/\/blogdemaruchiripoll.com\/wp-content\/uploads\/2019\/09\/El-Pati-dels-Tarongers_Cuadros-Especiales-para-Blog_OKK-300x235.jpg 300w, http:\/\/blogdemaruchiripoll.com\/wp-content\/uploads\/2019\/09\/El-Pati-dels-Tarongers_Cuadros-Especiales-para-Blog_OKK-768x600.jpg 768w, http:\/\/blogdemaruchiripoll.com\/wp-content\/uploads\/2019\/09\/El-Pati-dels-Tarongers_Cuadros-Especiales-para-Blog_OKK-1024x801.jpg 1024w\" sizes=\"(max-width: 300px) 100vw, 300px\" \/><\/a><p id=\"caption-attachment-2162\" class=\"wp-caption-text\">cuadro n\u00ba 1<\/p><\/div>\n<\/div>\n<div class=\"txtimagen_2_LC_PL\" style=\"height: auto;\">\n<p style=\"text-align: justify;\">Titulo: EL PATI DELS TARONGERS (Palau de la Generalitat) -92 x 73 cms.- \u00f3leo sobre tela.<\/p>\n<p style=\"text-align: justify;\">En el \u00abPalau de la Generalitat\u00bb no todo son salas de recepci\u00f3n. Tambi\u00e9n existe un lugar, que destaca por su delicada belleza. Este no es otro, que el famoso recinto conocido como \u00abEl Pati dels Tarongers\u00bb. Como an\u00e9cdota diremos, que es tan antiguo como el propio \u00abPalau\u00bb, pues su historia comienza ya en el siglo XVI.<\/p>\n<p style=\"text-align: justify;\">Maruchi Ripoll, tuvo la oportunidad de pintarlo en 1980 (seg\u00fan consta en el propio cuadro) con el estilo \u00abPre-Globalista\u00bb, practicado en aquellas fechas.\u00a0 Ha estado mucho tiempo dormido en sus archivos, pero en un momento propicio, la Artista lo ha resucitado de nuevo, convirti\u00e9ndolo a \u00abGlobalista\u00bb.<\/p>\n<p style=\"text-align: justify;\">Podeis admirar, los relieves y belleza que le ha dado el nuevo estilo.<\/p>\n<\/div>\n<\/div>\n<\/div>\n<div class=\"modulo\">\n<p><span style=\"text-decoration: underline;\"><em><strong>Cuadro del anterior Liceo de Barcelona<\/strong><\/em><\/span><\/p>\n<div class=\"galeria\">\n<div class=\"caption esp75\">\n<div id=\"attachment_293\" style=\"width: 310px\" class=\"wp-caption alignnone\"><a href=\" http:\/\/blogdemaruchiripoll.com\/wp-content\/uploads\/2014\/02\/LICEO-ANTERIOR.jpg\"><img aria-describedby=\"caption-attachment-293\" decoding=\"async\" loading=\"lazy\" class=\" wp-image-293\" title=\"VERSION DEL &quot;LICEO&quot; ANTERIOR -70 x 63 cms. \u00d3leo sobre tela\" src=\" http:\/\/blogdemaruchiripoll.com\/wp-content\/uploads\/2014\/02\/LICEO-ANTERIOR-300x218.jpg\" alt=\"LICEO ANTERIOR \" width=\"300\" height=\"218\" srcset=\"http:\/\/blogdemaruchiripoll.com\/wp-content\/uploads\/2014\/02\/LICEO-ANTERIOR-300x218.jpg 300w, http:\/\/blogdemaruchiripoll.com\/wp-content\/uploads\/2014\/02\/LICEO-ANTERIOR-1024x747.jpg 1024w, http:\/\/blogdemaruchiripoll.com\/wp-content\/uploads\/2014\/02\/LICEO-ANTERIOR.jpg 1829w\" sizes=\"(max-width: 300px) 100vw, 300px\" \/><\/a><p id=\"caption-attachment-293\" class=\"wp-caption-text\">cuadro n\u00ba 2<\/p><\/div>\n<\/div>\n<div class=\"txtimagen_2_LC_PL\">\n<p style=\"text-align: justify;\">Titulo: VERSI\u00d3N ANTERIOR DEL LICEO DE BARCELONA -120 x 90 cms.- \u00f3leo sobre tela<\/p>\n<p style=\"text-align: justify;\">Poco tiempo despu\u00e9s, que el anterior \u00abLiceo\u00bb quedase semidestru\u00eddo por un incendio, se le encarga a Maruchi Ripoll, un cuadro que perpet\u00fae la imagen de este querido Centro Oper\u00edstico Barcelon\u00e9s.<\/p>\n<p style=\"text-align: justify;\">La \u00abArtista\u00bb lo concibe visto desde el palco frontal del primer piso, que permite una visi\u00f3n perfecta del escenario con el tel\u00f3n bajado, ornamentado con la \u00abL\u00bb, icono distintivo de \u00abLiceo\u00bb.<\/p>\n<p style=\"text-align: justify;\">Ha sido una de las obras m\u00e1s valoradas de la \u00abArtista\u00bb.<\/p>\n<\/div>\n<\/div>\n<\/div>\n<div class=\"modulo\">\n<p><span style=\"text-decoration: underline;\"><em><strong>Cuadro del Palau de la M\u00fasica<\/strong><\/em><\/span><\/p>\n<div class=\"galeria\">\n<div class=\"caption esp75\">\n<div id=\"attachment_296\" style=\"width: 310px\" class=\"wp-caption alignnone\"><a href=\" http:\/\/blogdemaruchiripoll.com\/wp-content\/uploads\/2014\/02\/PALAU-DE-LA-MUSICA.jpg\"><img aria-describedby=\"caption-attachment-296\" decoding=\"async\" loading=\"lazy\" class=\"size-medium wp-image-296\" title=\"T\u00edtulo: PALAU DE LA M\u00daSICA CATALANA -73 X 60 cms. \u00d3leo sobre tela.\" src=\" http:\/\/blogdemaruchiripoll.com\/wp-content\/uploads\/2014\/02\/PALAU-DE-LA-MUSICA-300x243.jpg\" alt=\"PALAU DE LA MUSICA\" width=\"300\" height=\"243\" srcset=\"http:\/\/blogdemaruchiripoll.com\/wp-content\/uploads\/2014\/02\/PALAU-DE-LA-MUSICA-300x243.jpg 300w, http:\/\/blogdemaruchiripoll.com\/wp-content\/uploads\/2014\/02\/PALAU-DE-LA-MUSICA-1024x832.jpg 1024w, http:\/\/blogdemaruchiripoll.com\/wp-content\/uploads\/2014\/02\/PALAU-DE-LA-MUSICA.jpg 2045w\" sizes=\"(max-width: 300px) 100vw, 300px\" \/><\/a><p id=\"caption-attachment-296\" class=\"wp-caption-text\">cuadro n\u00ba 3<\/p><\/div>\n<\/div>\n<div class=\"txtimagen_2_LC_PL\">\n<p style=\"text-align: justify;\">T\u00edtulo: PALAU DE LA M\u00daSICA CATALANA -110 x 85 cms.- \u00f3leo sobre tela<\/p>\n<p style=\"text-align: justify;\">Este fu\u00e9 en su tiempo la obra cumbre del insigne arquitecto catal\u00e1n Llu\u00eds Dom\u00e8nech i Montaner y lo ha sido tambi\u00e9n de Maruchi Ripoll. Aunque no a dedicaci\u00f3n completa, le llev\u00f3 un a\u00f1o en su elaboraci\u00f3n.<\/p>\n<p style=\"text-align: justify;\">Ha sorprendido a propios y estra\u00f1os por el extremado grado de fidelidad, resaltando sobremanera el como ha sabido plasmar los peculiares relieves (el caballo y el &#8230;&#8230;..)que se encuentran en los laterales del arco principal del interior del \u00abPalau\u00bb.<\/p>\n<\/div>\n<\/div>\n<\/div>\n<p><span style=\"text-decoration: underline;\"><em><strong>\u00a0<\/strong><\/em><\/span><\/p>\n<h3>EDIFICIOS EMBLEM\u00c1TICOS DE CATALUNYA<\/h3>\n<div class=\"modulo\">\n<p><span style=\"text-decoration: underline;\"><em><strong>Cuadro del \u00abClaustro de la Catedral de la Seo d&#8217;Urgell\u00bb<\/strong><\/em><\/span><\/p>\n<div class=\"galeria\">\n<div class=\"caption esp23\">\n<div id=\"attachment_323\" style=\"width: 310px\" class=\"wp-caption alignnone\"><a href=\" http:\/\/blogdemaruchiripoll.com\/wp-content\/uploads\/2014\/02\/CLAUSTRO-SEDE-URGEL.jpg\"><img aria-describedby=\"caption-attachment-323\" decoding=\"async\" loading=\"lazy\" class=\"size-medium wp-image-323\" title=\"CLAUSTRO DE LA CATEDRAL DE LA SEO D'URGELL -120  x 90 cms. - \u00f3leo sobre tela.\" src=\" http:\/\/blogdemaruchiripoll.com\/wp-content\/uploads\/2014\/02\/CLAUSTRO-SEDE-URGEL-300x248.jpg\" alt=\"CLAUSTRO SEDE URGEL\" width=\"300\" height=\"248\" srcset=\"http:\/\/blogdemaruchiripoll.com\/wp-content\/uploads\/2014\/02\/CLAUSTRO-SEDE-URGEL-300x248.jpg 300w, http:\/\/blogdemaruchiripoll.com\/wp-content\/uploads\/2014\/02\/CLAUSTRO-SEDE-URGEL-1024x848.jpg 1024w, http:\/\/blogdemaruchiripoll.com\/wp-content\/uploads\/2014\/02\/CLAUSTRO-SEDE-URGEL.jpg 1354w\" sizes=\"(max-width: 300px) 100vw, 300px\" \/><\/a><p id=\"caption-attachment-323\" class=\"wp-caption-text\">cuadro n\u00ba 4<\/p><\/div>\n<\/div>\n<div class=\"txtimagen_2_SU\">\n<p style=\"text-align: justify;\">T\u00edtulo: CLAUSTRO DE LA CATEDRAL DE LA SEO D&#8217;URGELL -110 x 85 cms.- \u00f3leo sobre tela<\/p>\n<p style=\"text-align: justify;\">Es una obra en la que se observan varios aspectos. El principal es la armon\u00eda conseguida por los arcos separados por columnas. En ellos hay que observar, el relieve ornamentado de los capiteles (sobre columnas). Destaca tambien el realismo pl\u00e1stico de los tejados de pizarra. Dos ejemplos de la sabidur\u00eda de Maruchi Ripoll, en acentuar los relieves donde corresponde.<\/p>\n<\/div>\n<\/div>\n<\/div>\n<p><em><strong>\u00a0<\/strong><\/em><\/p>\n<p><em><strong>2.-\u00a0<span style=\"text-decoration: underline;\">Cuadros especiales en honor a Catalunya<\/span><\/strong><\/em><\/p>\n<p>En este apartado presenta dos cuadros:\u00a0 el primero de ellos La \u00abSardana honra a Catalunya\u00bb y el segundo \u00abEls Castellers, uni\u00f3n y fuerza\u00bb.<\/p>\n<h3>BAILES Y TRADICIONES GENUINAS DE CATALUNYA<\/h3>\n<div class=\"modulo\">\n<p><span style=\"text-decoration: underline;\"><em><strong>La Sardana honra a Catalunya<\/strong><\/em><\/span><\/p>\n<div class=\"galeria\">\n<div class=\"caption esp48\">\n<div id=\"attachment_326\" style=\"width: 310px\" class=\"wp-caption alignnone\"><a href=\" http:\/\/blogdemaruchiripoll.com\/wp-content\/uploads\/2014\/02\/LA-SARDANA.jpg\"><img aria-describedby=\"caption-attachment-326\" decoding=\"async\" loading=\"lazy\" class=\"size-medium wp-image-326\" title=\"T\u00edtulo: LA SARDANA HONRA A CATALUNYA -73 x 60 cms. - \u00d3leo sobre tela\" src=\" http:\/\/blogdemaruchiripoll.com\/wp-content\/uploads\/2014\/02\/LA-SARDANA-300x241.jpg\" alt=\"LA SARDANA\" width=\"300\" height=\"241\" srcset=\"http:\/\/blogdemaruchiripoll.com\/wp-content\/uploads\/2014\/02\/LA-SARDANA-300x241.jpg 300w, http:\/\/blogdemaruchiripoll.com\/wp-content\/uploads\/2014\/02\/LA-SARDANA-1024x824.jpg 1024w, http:\/\/blogdemaruchiripoll.com\/wp-content\/uploads\/2014\/02\/LA-SARDANA.jpg 1823w\" sizes=\"(max-width: 300px) 100vw, 300px\" \/><\/a><p id=\"caption-attachment-326\" class=\"wp-caption-text\">cuadro n\u00ba 5<\/p><\/div>\n<\/div>\n<div class=\"txtimagen_2_SR\">\n<p style=\"text-align: justify;\">T\u00edtulo: LA SARDANA HONORANT A CATALUNYA -110 x 85 cms.- \u00f3leo sobre tela.<\/p>\n<p style=\"text-align: justify;\">En este cuadro especial, la \u00abArt\u00edsta\u00bb hace una composici\u00f3n con simbolos representativos de Catalunya, donde se contempla: un \u00abGrupo\u00bb, con sus vestidos folkl\u00f3ricos cl\u00e1sicos, bailando una sardana, la \u00abdan\u00e7a na\u00e7ional\u00bb por excelencia, en un paisaje agreste adornado por \u00e1rboles genuinos de Maruchi Ripoll. Remata esta belleza pl\u00e1stica, una \u00abSagrada Familia\u00bb difuminada al fondo, con lo que no ofrece dudas, de qui\u00e9n es la autora de este espl\u00e9ndido cuadro.<\/p>\n<\/div>\n<\/div>\n<\/div>\n<div class=\"modulo\">\n<p><span style=\"text-decoration: underline;\"><em><strong>Els Castellers, uni\u00f3n y fuerza con Catalunya<\/strong><\/em><\/span><\/p>\n<div class=\"galeria\">\n<div class=\"caption esp37\">\n<div id=\"attachment_327\" style=\"width: 256px\" class=\"wp-caption alignnone\"><a href=\" http:\/\/blogdemaruchiripoll.com\/wp-content\/uploads\/2014\/02\/CASTELLERS_41x33_.jpg\"><img aria-describedby=\"caption-attachment-327\" decoding=\"async\" loading=\"lazy\" class=\"size-medium wp-image-327\" title=\"T\u00edtulo: ELS CASTELLERS UNI\u00d3  Y FOR\u00c7A  AMB CATALUNYA  -110 x 85 cms.- \u00f3leo sobre tela\" src=\" http:\/\/blogdemaruchiripoll.com\/wp-content\/uploads\/2014\/02\/CASTELLERS_41x33_-246x300.jpg\" alt=\"CASTELLERS_41x33_\" width=\"246\" height=\"300\" srcset=\"http:\/\/blogdemaruchiripoll.com\/wp-content\/uploads\/2014\/02\/CASTELLERS_41x33_-246x300.jpg 246w, http:\/\/blogdemaruchiripoll.com\/wp-content\/uploads\/2014\/02\/CASTELLERS_41x33_-842x1024.jpg 842w, http:\/\/blogdemaruchiripoll.com\/wp-content\/uploads\/2014\/02\/CASTELLERS_41x33_.jpg 864w\" sizes=\"(max-width: 246px) 100vw, 246px\" \/><\/a><p id=\"caption-attachment-327\" class=\"wp-caption-text\">cuadro n\u00ba 6<\/p><\/div>\n<\/div>\n<div class=\"txtimagen_2_CS\">\n<p style=\"text-align: justify;\">T\u00edtulo: ELS CASTELLERS UNI\u00d3 Y FOR\u00c7A AMB CATALUNYA -110 x 85 cms.- \u00f3leo sobre tela<\/p>\n<p style=\"text-align: justify;\">Se escogi\u00f3 a los \u00abChiquets de Valls\u00bb, por tratarse de la colla mas antigua de Catalunya, dando as\u00ed la mejor representatividad de todas las \u00abcollas\u00bb comarcales.<\/p>\n<p style=\"text-align: justify;\">El T\u00edtulo habla por si solo, de lo que ha querido representar la \u00abArtista\u00bb, pero si adem\u00e1s analizamos el cuadro, vemos que nos d\u00e1 a entender, que las \u00abcollas tienen un soporte muy fuerte en el pueblo catal\u00e1n (de facil deducci\u00f3n por las raices gruesas y entramadas de los dos \u00e1rboles que bordean a los \u00abCastellers\u00bb) y tambien adivinamos, que la altura de la \u00abtorre humana\u00bb, tiene el simbolismo, de que el pueblo catalan es gente de gr\u00e1n teson, que no cesa facilmente en sus empe\u00f1os.<\/p>\n<\/div>\n<\/div>\n<\/div>\n<p><span style=\"text-decoration: underline;\"><em><strong>3.- Cuadros especiales de s\u00edmbolos de Barcelona<\/strong><\/em><\/span><\/p>\n<p>En este apartado se presentan dos cuadros con motivos entra\u00f1ables de Barcelona. Otros dos cuadros de la Catalunya Nord y finalmente Casas y paisaje de Andorra La Vella.<\/p>\n<h3>S\u00cdMBOLOS REPRESENTATIVOS DE LA CIUDAD DE BARCELONA<\/h3>\n<div class=\"modulo\">\n<p><span style=\"text-decoration: underline;\"><em><strong><em><strong>La Dama del Parag\u00fcas (Parque de la Ciudadela)<\/strong><\/em><\/strong><\/em><\/span><\/p>\n<div class=\"galeria\">\n<div class=\"caption esp50\">\n<div id=\"attachment_328\" style=\"width: 239px\" class=\"wp-caption alignnone\"><a href=\" http:\/\/blogdemaruchiripoll.com\/wp-content\/uploads\/2014\/02\/LA-DAMA-DEL-PARAGUAS.jpg\"><img aria-describedby=\"caption-attachment-328\" decoding=\"async\" loading=\"lazy\" class=\"size-medium wp-image-328 \" title=\"T\u00edtulo: LA DAMA DEL PARAG\u00dcAS (PARQUE  DE LA CIUDADELA) -63 x 85 cms.- \u00f3leo sobre tela\" src=\" http:\/\/blogdemaruchiripoll.com\/wp-content\/uploads\/2014\/02\/LA-DAMA-DEL-PARAGUAS-229x300.jpg\" alt=\"LA DAMA DEL PARAGUAS\" width=\"229\" height=\"300\" srcset=\"http:\/\/blogdemaruchiripoll.com\/wp-content\/uploads\/2014\/02\/LA-DAMA-DEL-PARAGUAS-229x300.jpg 229w, http:\/\/blogdemaruchiripoll.com\/wp-content\/uploads\/2014\/02\/LA-DAMA-DEL-PARAGUAS-784x1024.jpg 784w, http:\/\/blogdemaruchiripoll.com\/wp-content\/uploads\/2014\/02\/LA-DAMA-DEL-PARAGUAS.jpg 1252w\" sizes=\"(max-width: 229px) 100vw, 229px\" \/><\/a><p id=\"caption-attachment-328\" class=\"wp-caption-text\">cuadro n\u00ba 7<\/p><\/div>\n<\/div>\n<div class=\"txtimagen_2_DP\">\n<p style=\"text-align: justify;\">T\u00edtulo: LA DAMA DEL PARAG\u00dcAS (PARQUE DE LA CIUDADELA) -63 x 85 cms.- \u00d3leo sobre tela<\/p>\n<p style=\"text-align: justify;\">La \u00abDama del Paraguas\u00bb, es un s\u00edmbolo del Parque de la Ciutadella. Es un recuerdo de infancia, de la m\u00e1s bella de las damas de la ciudad de Barcelona. Representa una se\u00f1ora ataviada a la moda de 1888. \u00bfQui\u00e9n no se ha quedado nunca embelesado, mirando esta enigm\u00e1tica mujer de \u00e9poca, de nombre desconocido, que nos alarga delicadamente la mano?<\/p>\n<p style=\"text-align: justify;\">Situada encima de una fuente ornamental, fu\u00e9 dise\u00f1ada para decorar el recinto de la Exposici\u00f3n Universal de 1888, que tuvo lugar en el Parque de la Ciutadella.<\/p>\n<p style=\"text-align: justify;\">Esta gloriosa est\u00e1tua, a trav\u00e9s del tiempo, se ha convertido en todo un emblema del parque y de la propia ciudad de Barcelona. La \u00abArtista\u00bb la ha embellecido todav\u00eda m\u00e1s con el pincel, con un magn\u00edfico relieve, en un entorno floral.<\/p>\n<\/div>\n<\/div>\n<\/div>\n<div class=\"modulo\">\n<p><span style=\"text-decoration: underline;\"><em><strong><em><strong>El Estanque ajardinado del Palacio Real de Pedralbes<\/strong><\/em>s<\/strong><\/em><\/span><\/p>\n<div class=\"galeria\">\n<div class=\"caption esp108\">\n<div id=\"attachment_329\" style=\"width: 310px\" class=\"wp-caption alignnone\"><a href=\" http:\/\/blogdemaruchiripoll.com\/wp-content\/uploads\/2014\/02\/JARDIN-PALACIO-PEDRALBES.jpg\"><img aria-describedby=\"caption-attachment-329\" decoding=\"async\" loading=\"lazy\" class=\"size-medium wp-image-329\" title=\"T\u00edtulo: ESTANQUE CON FIGURA DEL PALACIO REAL DE PEDRALBES -63 x 50 cms.- \u00d3leo sobre tela.\" src=\" http:\/\/blogdemaruchiripoll.com\/wp-content\/uploads\/2014\/02\/JARDIN-PALACIO-PEDRALBES-300x236.jpg\" alt=\"JARDIN PALACIO PEDRALBES\" width=\"300\" height=\"236\" srcset=\"http:\/\/blogdemaruchiripoll.com\/wp-content\/uploads\/2014\/02\/JARDIN-PALACIO-PEDRALBES-300x236.jpg 300w, http:\/\/blogdemaruchiripoll.com\/wp-content\/uploads\/2014\/02\/JARDIN-PALACIO-PEDRALBES-1024x807.jpg 1024w\" sizes=\"(max-width: 300px) 100vw, 300px\" \/><\/a><p id=\"caption-attachment-329\" class=\"wp-caption-text\">cuadro n\u00ba 8<\/p><\/div>\n<\/div>\n<div class=\"txtimagen_2_PP\">\n<p style=\"text-align: justify;\">T\u00edtulo: ESTANQUE CON FIGURA DEL PALACIO REAL DE PEDRALBES -63 x 50 cms.- \u00d3leo sobre tela.<\/p>\n<p style=\"text-align: justify;\">El estanque del palacio Real de Pedralbes, es el elemento embellecedor por excelencia de todo el recinto de jardines de este Palacio. De \u00e9l destaca la estatua de mujer ubicada en su centro y cuyo nombre responde al de \u00ab<i>Mediterr\u00e1nea\u00bb, <\/i>desde el a\u00f1o 1962, que data su existencia<i>.<\/i><\/p>\n<p style=\"text-align: justify;\">Maruchi Ripoll, ha sabido dar a este cuadro, la elegancia que corresponde, al ser parte referente de un Palacio Real. Ornamentado con arboles y plantas, que guardan una simetr\u00eda perfecta. A destacar como \u00faltimo, la silueta del Hotel Princesa Sof\u00eda, que se divisa al fondo del cuadro y que la \u00abArtista\u00bb ha incorporado, para dar mayor perspectiva al mismo.<\/p>\n<\/div>\n<\/div>\n<\/div>\n<p><span style=\"text-decoration: underline;\"><em><strong>4.-Cuadros especiales de\u00a0 paisajes <em><strong>y<\/strong><\/em> <em><strong>edificios<\/strong><\/em>de Catalunya Nord y Andorra<\/strong><\/em><\/span><\/p>\n<p>Maruchi Ripoll ha querido dejar su sello tambi\u00e9n, pintando paisajes de la Catalu\u00f1a Nord (Vall de Boh\u00ed) donde combinan poblados de casas bajas, con reminiscencias del \u00abRom\u00e1nico.\u00bb.<\/p>\n<p>Tambi\u00e9n coincidiendo con exposiciones de la \u00abArtista\u00bb en Andorra, ha cumplimentado \u00abencargos\u00bb de edificios emblem\u00e1ticos, combinados con paisajes t\u00edpicos de esta zona.<\/p>\n<h3>LOS PAISAJES Y EDIFICIOS DE CATALUNYA NORD Y ANDORRA<\/h3>\n<div class=\"modulo\">\n<p><span style=\"text-decoration: underline;\"><em><strong><em><strong>Poblado con Iglesia Rom\u00e1nica en -Ta\u00fcll-<\/strong><\/em>s<\/strong><\/em><\/span><\/p>\n<div class=\"galeria\">\n<div class=\"caption esp43\">\n<div id=\"attachment_332\" style=\"width: 310px\" class=\"wp-caption alignnone\"><a href=\" http:\/\/blogdemaruchiripoll.com\/wp-content\/uploads\/2014\/02\/IGLESIA-ROMANICA.jpg\"><img aria-describedby=\"caption-attachment-332\" decoding=\"async\" loading=\"lazy\" class=\" wp-image-332 \" title=\"T\u00edtulo: PAISAJE EN LILA -33 X 24 cms. \u00d3leo sobre tela.\" src=\" http:\/\/blogdemaruchiripoll.com\/wp-content\/uploads\/2014\/02\/IGLESIA-ROMANICA-300x217.jpg\" alt=\"IGLESIA ROMANICA\" width=\"300\" height=\"217\" srcset=\"http:\/\/blogdemaruchiripoll.com\/wp-content\/uploads\/2014\/02\/IGLESIA-ROMANICA-300x217.jpg 300w, http:\/\/blogdemaruchiripoll.com\/wp-content\/uploads\/2014\/02\/IGLESIA-ROMANICA-1024x743.jpg 1024w, http:\/\/blogdemaruchiripoll.com\/wp-content\/uploads\/2014\/02\/IGLESIA-ROMANICA.jpg 1729w\" sizes=\"(max-width: 300px) 100vw, 300px\" \/><\/a><p id=\"caption-attachment-332\" class=\"wp-caption-text\">cuadro n\u00ba 9<\/p><\/div>\n<\/div>\n<div class=\"txtimagen_2_PL\">\n<p style=\"text-align: justify;\">T\u00edtulo: PAISAJE EN LILA -33 x 24 cms.- \u00d3leo sobre tela.<\/p>\n<p style=\"text-align: justify;\">El cuadro recoje un poblado t\u00edpico de la zona de Ta\u00fcll (Vall de Boh\u00ed), en el que dominan casa bajas con tejados de pizarra y como un faro que alumbra, una ermita de estilo rom\u00e1nico. La \u00abArtista ha querido destacar sobre todo, los tonos lilosos que se vislumbran cuando apunta el sol, en un amanecer nebuloso.<\/p>\n<p style=\"text-align: justify;\">Remarcamos su talento, en dar a este cuadro, un cromatismo, que sin apartarse de la realidad, logra sin lugar a dudas, el inter\u00e9s de quien lo observa.<\/p>\n<\/div>\n<\/div>\n<\/div>\n<div class=\"modulo\"><span style=\"text-decoration: underline;\"><em><strong><em><strong>Edificio del Com\u00fa de Andorra la Vella<\/strong><\/em><\/strong><\/em><\/span><\/p>\n<div class=\"galeria\">\n<div class=\"caption esp-10\">\n<div id=\"attachment_334\" style=\"width: 235px\" class=\"wp-caption alignnone\"><a href=\" http:\/\/blogdemaruchiripoll.com\/wp-content\/uploads\/2014\/02\/EDIFICIO-DEL-COMU.jpg\"><img aria-describedby=\"caption-attachment-334\" decoding=\"async\" loading=\"lazy\" class=\"size-medium wp-image-334\" title=\"EDIFICIO DEL COM\u00da EN ANDORRA LA VELLA -33 X 41 cms.-  \u00d3leo sobre tela\" src=\" http:\/\/blogdemaruchiripoll.com\/wp-content\/uploads\/2014\/02\/EDIFICIO-DEL-COMU-225x300.jpg\" alt=\"EDIFICIO DEL COMU\" width=\"225\" height=\"300\" srcset=\"http:\/\/blogdemaruchiripoll.com\/wp-content\/uploads\/2014\/02\/EDIFICIO-DEL-COMU-225x300.jpg 225w, http:\/\/blogdemaruchiripoll.com\/wp-content\/uploads\/2014\/02\/EDIFICIO-DEL-COMU-769x1024.jpg 769w, http:\/\/blogdemaruchiripoll.com\/wp-content\/uploads\/2014\/02\/EDIFICIO-DEL-COMU.jpg 1986w\" sizes=\"(max-width: 225px) 100vw, 225px\" \/><\/a><p id=\"caption-attachment-334\" class=\"wp-caption-text\">cuadro n\u00ba 10<\/p><\/div>\n<\/div>\n<div class=\"txtimagen_2_CA\">\n<p style=\"text-align: justify;\">T\u00edtulo: COM\u00da D&#8217;ANDORRA -33 x 24 cms.- \u00d3leo sobre tela.<\/p>\n<p style=\"text-align: justify;\">Maruchi Ripoll atiende el encargo de pintar este emblem\u00e1tico edificio. Aunque no reviste la complejidad de los dos presentados en el inicio de la p\u00e1gina, no obstante le imprime a esta obra un gran realismo. As\u00ed se lo reconocieron las autoridades andorranas.<\/p>\n<\/div>\n<\/div>\n<\/div>\n<div class=\"modulo\"><span style=\"text-decoration: underline;\"><em><strong><em><strong>Paisaje Andorrano<\/strong><\/em><\/strong><\/em><\/span><\/p>\n<div class=\"galeria\">\n<div class=\"caption esp21\">\n<div id=\"attachment_335\" style=\"width: 310px\" class=\"wp-caption alignnone\"><a href=\" http:\/\/blogdemaruchiripoll.com\/wp-content\/uploads\/2014\/02\/PAISAJE-ANDORRANO.jpg\"><img aria-describedby=\"caption-attachment-335\" decoding=\"async\" loading=\"lazy\" class=\"size-medium wp-image-335\" title=\"T\u00edtulo: PAISAJE ANDORRANO -39 X 33 cms. \u00d3leo sobre tela.\" src=\" http:\/\/blogdemaruchiripoll.com\/wp-content\/uploads\/2014\/02\/PAISAJE-ANDORRANO-300x214.jpg\" alt=\"PAISAJE ANDORRANO\" width=\"300\" height=\"214\" srcset=\"http:\/\/blogdemaruchiripoll.com\/wp-content\/uploads\/2014\/02\/PAISAJE-ANDORRANO-300x214.jpg 300w, http:\/\/blogdemaruchiripoll.com\/wp-content\/uploads\/2014\/02\/PAISAJE-ANDORRANO-1024x733.jpg 1024w\" sizes=\"(max-width: 300px) 100vw, 300px\" \/><\/a><p id=\"caption-attachment-335\" class=\"wp-caption-text\">cuadro n\u00ba 11<\/p><\/div>\n<\/div>\n<div class=\"txtimagen_2_PA\">\n<p style=\"text-align: justify;\">T\u00edtulo: PAISAJE ANDORRANO -33 x 24 cms.- \u00d3leo sobre tela.<\/p>\n<p style=\"text-align: justify;\">Es un t\u00edpico paisaje\u00a0 de la zona de Ordino, visto desde un \u00abmirador\u00bb, donde imperan\u00a0 las casas bajas con tejados de pizarra y fondo monta\u00f1oso. La arboleda en primera l\u00ednea, suaviza la tosquedad habitual de estos parajes. La \u00abArtista\u00bb ha sabido encontrar el equilibrio necesario, y presentar a los andorranos,\u00a0 algo de su tierra, con los toques de su arte.<\/p>\n<\/div>\n<\/div>\n<\/div>\n","protected":false},"excerpt":{"rendered":"<p>\u00bfQue son cuadros especiales? Para definirlos de una forma muy sencilla,\u00a0 diremos que son aquellos que no son fruto directo de la inspiraci\u00f3n espontanea de La \u00abArtista\u00bb, sino que nacen [&hellip;]<\/p>\n","protected":false},"author":1,"featured_media":0,"parent":0,"menu_order":0,"comment_status":"open","ping_status":"open","template":"","meta":[],"_links":{"self":[{"href":"http:\/\/blogdemaruchiripoll.com\/index.php\/wp-json\/wp\/v2\/pages\/162"}],"collection":[{"href":"http:\/\/blogdemaruchiripoll.com\/index.php\/wp-json\/wp\/v2\/pages"}],"about":[{"href":"http:\/\/blogdemaruchiripoll.com\/index.php\/wp-json\/wp\/v2\/types\/page"}],"author":[{"embeddable":true,"href":"http:\/\/blogdemaruchiripoll.com\/index.php\/wp-json\/wp\/v2\/users\/1"}],"replies":[{"embeddable":true,"href":"http:\/\/blogdemaruchiripoll.com\/index.php\/wp-json\/wp\/v2\/comments?post=162"}],"version-history":[{"count":128,"href":"http:\/\/blogdemaruchiripoll.com\/index.php\/wp-json\/wp\/v2\/pages\/162\/revisions"}],"predecessor-version":[{"id":2172,"href":"http:\/\/blogdemaruchiripoll.com\/index.php\/wp-json\/wp\/v2\/pages\/162\/revisions\/2172"}],"wp:attachment":[{"href":"http:\/\/blogdemaruchiripoll.com\/index.php\/wp-json\/wp\/v2\/media?parent=162"}],"curies":[{"name":"wp","href":"https:\/\/api.w.org\/{rel}","templated":true}]}}