{"id":167,"date":"2014-02-11T19:15:28","date_gmt":"2014-02-11T19:15:28","guid":{"rendered":"http:\/\/blogdemaruchiripoll.com\/?page_id=167"},"modified":"2016-12-28T18:05:11","modified_gmt":"2016-12-28T18:05:11","slug":"coleccion-gaudi","status":"publish","type":"page","link":"http:\/\/blogdemaruchiripoll.com\/index.php\/coleccion-gaudi\/","title":{"rendered":"Colecci\u00f3n Gaud\u00ed"},"content":{"rendered":"<h3><\/h3>\n<p style=\"text-align: justify;\"><span style=\"text-decoration: underline;\"><em><strong>Antecedentes<\/strong><\/em><\/span> Maruchi Ripoll, a trav\u00e9s de los a\u00f1os, se da cuenta que su personalidad y talento, le permiten probar otras facetas del arte, como son: la escultura y dentro de la pintura otras derivaciones hacia la pintura arquitect\u00f3nica sobre modelo. De esta \u00fatima, surgi\u00f3 su deseo de desarrollar una colecci\u00f3n de nuestro ilustre arquitecto Antoni Gaud\u00ed, de la que a continuaci\u00f3n presentamos todos los cuadros que la componen.<\/p>\n<p style=\"text-align: justify;\"><span style=\"text-decoration: underline;\"><em><strong>Colecci\u00f3n Gaud\u00ed<\/strong><\/em><\/span><em><strong>:<\/strong><\/em> Relaci\u00f3n de cuadros que componen la \u00abColecci\u00f3n\u00bb. Hay que decir, que la \u00abArtista\u00bb no se ha l\u00edmitado a pintar las l\u00edneas arquitect\u00f3nicas, tal como las concibi\u00f3 el famoso \u00abArquitecto\u00bb, si no que le ha imprimido su propia personalidad, acentuando los relieves en figuras, rejas, etc. y ornamentando determinados monumentos o edificios, con \u00e1rboles de su estilo. De aqu\u00ed ha nacido el t\u00edtulo personalizado: \u00abGaud\u00ed visto por Maruchi Ripoll\u00bb, que se ha dado a esta \u00abcolecci\u00f3n\u00bb, en su presentaci\u00f3n en una de las mejores \u00abGaler\u00edas de Arte\u00bb de Andorra.<\/p>\n<p style=\"text-align: justify;\">Para disponer de los datos t\u00e9cnicos de cada obra, a cada cuadro se le inscribe su propia \u00ableyenda\u00bb en la parte derecha.<\/p>\n<p style=\"text-align: justify;\">Dando un click sobre la im\u00e1gen deseada, se ver\u00e1 aumentada de tama\u00f1o y con mayor fidelidad.<\/p>\n<h3 style=\"text-align: center;\">LA SAGRADA FAMILIA PINTADA EN DIFERENTES VERSIONES Y TAMA\u00d1OS<\/h3>\n<div class=\"modulo\" style=\"text-align: left;\"><span style=\"text-decoration: underline;\"><br \/>\n<em><strong>Sagrada Familia tama\u00f1o grande -Fachada de la Natividad-<br \/>\n<\/strong><\/em><\/span><\/p>\n<div class=\"galeria\">\n<div class=\"caption esp0\">\n<div id=\"attachment_183\" style=\"width: 258px\" class=\"wp-caption alignnone\"><a href=\" http:\/\/blogdemaruchiripoll.com\/wp-content\/uploads\/2014\/02\/SAGR-FAMIL_FachNat_73x60.jpg\"><img aria-describedby=\"caption-attachment-183\" decoding=\"async\" loading=\"lazy\" class=\" wp-image-183 \" title=\"BAS\u00cdLICA DE LA SAGRADA FAMILIA-Fachada de la Natividad-73x60cms.-\u00f3leo s\/tela\" src=\" http:\/\/blogdemaruchiripoll.com\/wp-content\/uploads\/2014\/02\/SAGR-FAMIL_FachNat_73x60-300x242.jpg\" alt=\"SAGR FAMIL_FachNat_73x60\" width=\"248\" height=\"182\" \/><\/a><p id=\"caption-attachment-183\" class=\"wp-caption-text\">cuadro n\u00ba 1<\/p><\/div>\n<\/div>\n<div class=\"txtimagen_3_SFG_1\">\n<p style=\"text-align: justify;\">T\u00edtulo: BAS\u00cdLICA DE LA SAGRADA FAMILIA -Fachada de la Natividad- 70 x 63 cms..\u00d3leo sobre tela.<\/p>\n<p style=\"text-align: justify;\">Es un cuadro en formato grande, lo que favorece que la \u00abArtista\u00bb muestre sus dotes de escultora, mostrando las figuras de la natividad en un relieve que parece un diminuto \u00abpesebre\u00bb.<\/p>\n<\/div>\n<\/div>\n<\/div>\n<div class=\"modulo\" style=\"text-align: left;\"><span style=\"text-decoration: underline;\"><br \/>\n<em><strong>Sagrada Familia tama\u00f1o mediano -Fachada de la Pasi\u00f3n-<\/strong><\/em><\/span><\/p>\n<div class=\"galeria\">\n<div class=\"caption esp13\">\n<div style=\"width: 237px\" class=\"wp-caption alignnone\"><a href=\" http:\/\/blogdemaruchiripoll.com\/wp-content\/uploads\/2014\/02\/SAGR-FAMIL_FachPas_55x33.jpg\"><img decoding=\"async\" loading=\"lazy\" class=\" \" title=\"BAS\u00cdLICA DE LA SAGRADA FAMILIA-Fachada de la Pasi\u00f3n-55x33cms.-\u00f3leo s\/tela\" src=\" http:\/\/blogdemaruchiripoll.com\/wp-content\/uploads\/2014\/02\/SAGR-FAMIL_FachPas_55x33-300x186.jpg\" alt=\"SAGR FAMIL_FachPas_55x33\" width=\"227\" height=\"145\" \/><\/a><p class=\"wp-caption-text\">cuadro n\u00ba 2<\/p><\/div>\n<\/div>\n<div class=\"txtimagen_3_SFM_2\">\n<p style=\"text-align: justify;\">T\u00edtulo: BAS\u00cdLICA DE LA SAGRADA FAMILIA -Fachada de la Pasi\u00f3n- 55 x 33 cms..\u00d3leo sobre tela.<\/p>\n<p style=\"text-align: justify;\">Es un cuadro en formato mediano, y en este caso la \u00abArtista\u00bb,\u00a0 ha querido mostrar de forma simb\u00f3lica, que este emblem\u00e1tico monumento, se sustenta en unas raices muy profundas, no solo en Barcelona si no a nivel mundial.<\/p>\n<\/div>\n<\/div>\n<\/div>\n<div class=\"modulo\" style=\"text-align: justify;\">\n<p><span style=\"text-decoration: underline;\"><em><strong>Sagrada Familia tama\u00f1o mediano -Fachada de la Pasi\u00f3n-<\/strong><\/em><\/span><\/p>\n<div class=\"galeria\">\n<div class=\"caption esp35\">\n<div id=\"attachment_1719\" style=\"width: 237px\" class=\"wp-caption alignnone\"><a href=\" http:\/\/blogdemaruchiripoll.com\/wp-content\/uploads\/2014\/02\/SAGRADAFAMILIAPASION.jpg\"><img aria-describedby=\"caption-attachment-1719\" decoding=\"async\" loading=\"lazy\" class=\" wp-image-1719 \" title=\"T\u00edtulo: SAGRADA FAMILIA MAJESTUOSA_Fachada de la Pasi\u00f3n -51 x 43 cms. -\u00d3leo sobre tela\" src=\" http:\/\/blogdemaruchiripoll.com\/wp-content\/uploads\/2014\/02\/SAGRADAFAMILIAPASION-300x229.jpg\" alt=\"SAGRADAFAMILIAPASION\" width=\"227\" height=\"173\" srcset=\"http:\/\/blogdemaruchiripoll.com\/wp-content\/uploads\/2014\/02\/SAGRADAFAMILIAPASION-300x229.jpg 300w, http:\/\/blogdemaruchiripoll.com\/wp-content\/uploads\/2014\/02\/SAGRADAFAMILIAPASION-1024x783.jpg 1024w, http:\/\/blogdemaruchiripoll.com\/wp-content\/uploads\/2014\/02\/SAGRADAFAMILIAPASION.jpg 1961w\" sizes=\"(max-width: 227px) 100vw, 227px\" \/><\/a><p id=\"caption-attachment-1719\" class=\"wp-caption-text\">cuadro n\u00ba 3<\/p><\/div>\n<\/div>\n<div class=\"txtimagen_3_SFM_3\">\n<p style=\"text-align: justify;\">T\u00edtulo: SAGRADA FAMILIA MAJESTUOSA -Fachada de la Pasi\u00f3n- 51 x 43 cms..\u00d3leo sobre tela.<\/p>\n<p style=\"text-align: justify;\">Es un cuadro en formato mediano, donde la \u00abArtista\u00bb define en primer plano, un camino engalanado de flores y arboleda, que invita a acercarse a una Sagrada Familia majestuosa, mostrandonos la fachada de la Pasi\u00f3n de Cristo.<\/p>\n<p style=\"text-align: justify;\">El cuadro es sin duda, una expresi\u00f3n hiperrealista de este emblem\u00e1tico monumento, admirado en el mundo entero.<\/p>\n<\/div>\n<\/div>\n<\/div>\n<div class=\"modulo\" style=\"text-align: justify;\"><span style=\"text-decoration: underline;\"><em><strong>Sagrada Familia tama\u00f1o peque\u00f1o -Fachada de la Pasi\u00f3n-<br \/>\n<\/strong><\/em><\/span><\/p>\n<div class=\"galeria\">\n<div class=\"caption esp13\">\n<div style=\"width: 192px\" class=\"wp-caption alignnone\"><a href=\" http:\/\/blogdemaruchiripoll.com\/wp-content\/uploads\/2014\/02\/SAGR-FAMIL_FachPas_27x22.jpg\"><img decoding=\"async\" loading=\"lazy\" class=\" \" title=\"BAS\u00cdLICA DE LA SAGRADA FAMILIA -Fachada de la Pasi\u00f3n-. 27x22cms. \u00d3leo s\/ tela. \" src=\" http:\/\/blogdemaruchiripoll.com\/wp-content\/uploads\/2014\/02\/SAGR-FAMIL_FachPas_27x22-300x241.jpg\" alt=\"SAGR FAMIL_FachPas_27x22\" width=\"182\" height=\"148\" \/><\/a><p class=\"wp-caption-text\">cuadro n\u00ba 4<\/p><\/div>\n<\/div>\n<div class=\"txtimagen_3_SFP_3\">\n<p style=\"text-align: justify;\">T\u00edtulo: BAS\u00cdLICA DE LA SAGRADA FAMILIA -Fachada de la Natividad- 27 x 22 cms..\u00d3leo sobre tela.<\/p>\n<p style=\"text-align: justify;\">Es un cuadro en formato peque\u00f1o, sumamente figurativo,\u00a0 donde la \u00abSagrada Familia\u00bb parece que flote sobre algo et\u00e9reo. Las ramas coloreadas de ambos lados dan equilibrio pl\u00e1stico.<\/p>\n<p>&nbsp;<\/p>\n<\/div>\n<\/div>\n<\/div>\n<div class=\"modulo\" style=\"text-align: justify;\">\n<p><span style=\"text-decoration: underline;\"><em><strong>Sagrada Familia en fantas\u00eda -Fachada de la Pasi\u00f3n-<\/strong><\/em><\/span><\/p>\n<div class=\"galeria\">\n<div class=\"caption esp13\">\n<div style=\"width: 187px\" class=\"wp-caption alignnone\"><a href=\" http:\/\/blogdemaruchiripoll.com\/wp-content\/uploads\/2014\/02\/SAGRFAMIL_FachNativ_22x16.jpg\"><img decoding=\"async\" loading=\"lazy\" class=\" \" title=\"T\u00edtulo: SAGRADA FAMILIA EN FANTAS\u00cdA_Fachada de la Natividad -22 x 16 cms. -\u00d3leo sobre tela\" src=\" http:\/\/blogdemaruchiripoll.com\/wp-content\/uploads\/2014\/02\/SAGRFAMIL_FachNativ_22x16-300x218.jpg\" alt=\"SAGRFAMIL_FachNativ_22x16\" width=\"177\" height=\"127\" \/><\/a><p class=\"wp-caption-text\">cuadro n\u00ba 5<\/p><\/div>\n<\/div>\n<div class=\"txtimagen_3_SFA_4\">\n<p style=\"text-align: justify;\">T\u00edtulo: SAGRADA FAMILIA EN FANTAS\u00cdA -Fachada de la Natividad- 22 x 16 cms. -\u00d3leo sobre tela.<\/p>\n<p style=\"text-align: justify;\">Es una presentaci\u00f3n en fantas\u00eda\u00a0 de este emblem\u00e1tico monumento.<\/p>\n<p style=\"text-align: justify;\">La \u00abArtista\u00bb, ha buscado en este caso, una sorprendente y agradable vista de la Sagrada Familia, con toques decorativos en el arco.<\/p>\n<\/div>\n<\/div>\n<\/div>\n<h3 style=\"text-align: center;\">CUANDO LA SAGRADA FAMILIA SE CONVIRTI\u00d3 EN BAS\u00cdLICA<\/h3>\n<div class=\"modulo\" style=\"text-align: left;\"><span style=\"text-decoration: underline;\"><br \/>\n<em><strong>Interior de la Bas\u00edlica de la Sagrada Familia- <\/strong><\/em><\/span><\/p>\n<div class=\"galeria\">\n<div class=\"caption esp50\">\n<div style=\"width: 170px\" class=\"wp-caption alignnone\"><a href=\" http:\/\/blogdemaruchiripoll.com\/wp-content\/uploads\/2014\/02\/INTER-SAGR-FAM.jpg\"><img decoding=\"async\" loading=\"lazy\" class=\" \" title=\"INTERIOR DE LA BAS\u00cdLICA DE LA SAGRADA FAMILIA -61 X 38- \u00d3leo sobre tela\" src=\" http:\/\/blogdemaruchiripoll.com\/wp-content\/uploads\/2014\/02\/INTER-SAGR-FAM-193x300.jpg\" alt=\"INTER SAGR FAM\" width=\"160\" height=\"252\" \/><\/a><p class=\"wp-caption-text\">cuadro n\u00ba 6<\/p><\/div>\n<\/div>\n<div class=\"txtimagen_3_ISF_5\">\n<p style=\"text-align: justify;\">T\u00edtulo: T\u00edtulo: INTERIOR DE LA BAS\u00cdLICA DE LA SAGRADA FAMILIA &#8211; 55 x 73 cms.- \u00d3leo sobre tela.<\/p>\n<p style=\"text-align: justify;\">Maruchi Ripoll, siempre atenta a los grandes acontecimientos, no le pas\u00f3 por alto, cuando Benedicto XVI, erigi\u00f3 en \u00abBas\u00edlica\u00bb a la Sagrada Familia. Decidi\u00f3 pintar su interior, que representa el coraz\u00f3n de este gran monumento. Su proposito, dar divulgaci\u00f3n a esta espl\u00e9ndida obra arquitect\u00f3nica, hasta el momento menos conocida por el gran p\u00fablico.<\/p>\n<p style=\"text-align: justify;\">Esta \u00abobra\u00bb, puso a prueba su talento milim\u00e9trico, y en ella queda probado, su gran dominio del dibujo, para lograr finalmente que la concurrencia de las columnas con la c\u00fapula interior no tenga ning\u00fan desajuste.<\/p>\n<p style=\"text-align: justify;\">A destacar la sobriedad de los colores de las columnas, con el contraste de colorido del \u00abParapeto\u00bb que proteje al \u00abCristo\u00bb. Tambi\u00e9n muestra una vez m\u00e1s su gran destreza, con el relieve que aplica al \u00abCristo en la Cruz\u00bb.<\/p>\n<\/div>\n<\/div>\n<\/div>\n<h3 style=\"text-align: center;\">MONUMENTOS DE GAUDI M\u00c1S ALL\u00c1 DE CATALUNYA<\/h3>\n<div class=\"modulo\" style=\"text-align: justify;\"><span style=\"text-decoration: underline;\"><em><strong>El Capricho de Gaud\u00ed -Comillas- (Cantabria) formato mediano<br \/>\n<\/strong><\/em><\/span><\/p>\n<div class=\"galeria\">\n<div class=\"caption esp0\">\n<div id=\"attachment_193\" style=\"width: 240px\" class=\"wp-caption alignnone\"><a href=\" http:\/\/blogdemaruchiripoll.com\/wp-content\/uploads\/2014\/02\/CAPRICHGAUDI_61x50.jpg\"><img aria-describedby=\"caption-attachment-193\" decoding=\"async\" loading=\"lazy\" class=\" wp-image-193 \" title=\"EL CAPRICHO DE GAUD\u00cd. -Comillas- (Cantabria). 61 x 50 cms. \u00d3leo s\/tela. \" src=\" http:\/\/blogdemaruchiripoll.com\/wp-content\/uploads\/2014\/02\/CAPRICHGAUDI_61x50-300x239.jpg\" alt=\"CAPRICHGAUDI_61x50\" width=\"230\" height=\"186\" \/><\/a><p id=\"caption-attachment-193\" class=\"wp-caption-text\">cuadro n\u00ba 7<\/p><\/div>\n<\/div>\n<div class=\"txtimagen_3_CGM_6\">\n<p style=\"text-align: justify;\">T\u00edtulo: EL CAPRICHO DE GAUD\u00cd -Comillas- (Cantabria) -61 x 50 cms.. \u00d3leo sobre tela.<\/p>\n<p style=\"text-align: justify;\">Maruchi Ripoll es una ferviente admiradora de este edificio, que irradia colorido por los cuatro costados y tiene un encanto especial. D\u00e1 un \u00faltimo toque a la arboleda propia del edificio, insert\u00e1ndole unas flores con un relieve destacado, que resaltan todav\u00eda m\u00e1s el colorido del ambiente.<\/p>\n<\/div>\n<\/div>\n<\/div>\n<div class=\"modulo\" style=\"text-align: justify;\">\n<p><span style=\"text-decoration: underline;\"><em><strong>El Capricho de Gaud\u00ed -Comillas- (Cantabria) formato peque\u00f1o<br \/>\n<\/strong><\/em><\/span><\/p>\n<div class=\"galeria\">\n<div class=\"caption esp0\">\n<div id=\"attachment_218\" style=\"width: 157px\" class=\"wp-caption alignnone\"><a href=\" http:\/\/blogdemaruchiripoll.com\/wp-content\/uploads\/2014\/02\/CAPRICHGAUDI_24x33_.jpg\"><img aria-describedby=\"caption-attachment-218\" decoding=\"async\" loading=\"lazy\" class=\" wp-image-218\" title=\"T\u00edtulo: EL CAPRICHO DE GAUD\u00cd -Comillas- (Cantabria) -24 x 33 cms.. \u00d3leo sobre tela.\" src=\" http:\/\/blogdemaruchiripoll.com\/wp-content\/uploads\/2014\/02\/CAPRICHGAUDI_24x33_-217x300.jpg\" alt=\"CAPRICHGAUDI_24x33_\" width=\"147\" height=\"174\" \/><\/a><p id=\"caption-attachment-218\" class=\"wp-caption-text\">cuadro n\u00ba 8<\/p><\/div>\n<\/div>\n<div class=\"txtimagen_3_CGP_7\">\n<p style=\"text-align: justify;\">T\u00edtulo: EL CAPRICHO DE GAUD\u00cd -Comillas- (Cantabria) -24 x 33 cms.. \u00d3leo sobre tela.<\/p>\n<p style=\"text-align: justify;\">Es otra versi\u00f3n bastante mas reducida del \u00abCAPRICHO DE GAUD\u00cd\u00bb, pero no por ello menos esplendorosa, dado que la \u00abArtista\u00bb le ha dado mayor cromatismo, acentuando las flores rojas.<\/p>\n<\/div>\n<\/div>\n<\/div>\n<h3 style=\"text-align: center;\">EDIFICIOS DE GAUDI MENOS POPULARES DE BARCELONA<\/h3>\n<div class=\"modulo\" style=\"text-align: justify;\">\n<p><span style=\"text-decoration: underline;\"><em><strong>Entrada con reja de las Teresianas -Barcelona- formato peque\u00f1o<br \/>\n<\/strong><\/em><\/span><\/p>\n<div class=\"galeria\">\n<div class=\"caption esp0\">\n<div id=\"attachment_220\" style=\"width: 137px\" class=\"wp-caption alignnone\"><a href=\" http:\/\/blogdemaruchiripoll.com\/wp-content\/uploads\/2014\/02\/CAPRICHGAUDI_33x24.jpg\"><img aria-describedby=\"caption-attachment-220\" decoding=\"async\" loading=\"lazy\" class=\" wp-image-220 \" title=\"T\u00edtulo: ENTRADA CON REJA DE EDIFICIO DE LAS TERESIANAS -19 x 24 cms. -\u00d3leo sobre tela.\" src=\" http:\/\/blogdemaruchiripoll.com\/wp-content\/uploads\/2014\/02\/REJA-ENTRADA-TERESIANAS_19X24_-226x300.jpg\" alt=\"REJAENTRADTERES\" width=\"127\" height=\"171\" \/><\/a><p id=\"caption-attachment-220\" class=\"wp-caption-text\">cuadro n\u00ba 9<\/p><\/div>\n<\/div>\n<div class=\"txtimagen_3_TRP_8\">\n<p style=\"text-align: justify;\">T\u00edtulo: REJA DE ENTRADA -Edificio de las Teresianas -24 x 33 cms.. \u00d3leo sobre tela.<\/p>\n<p style=\"text-align: justify;\">La reja es el sujeto del cuadro. Es un compendio de filigrana y con este color azulado da vida a esta entrada, un tanto misteriosa en su fondo.<\/p>\n<p style=\"text-align: justify;\">La pared de esta parte de edificio que se observa tosco, queda ornamentado con un conjunto flores rojas.<\/p>\n<\/div>\n<\/div>\n<\/div>\n<div class=\"modulo\" style=\"text-align: justify;\">\n<p><span style=\"text-decoration: underline;\"><em><strong>El \u00abBellesguard\u00bb -Castillo Medieval- formato mediano<br \/>\n<\/strong><\/em><\/span><\/p>\n<div class=\"galeria\">\n<div class=\"caption esp55\">\n<div id=\"attachment_1578\" style=\"width: 190px\" class=\"wp-caption alignnone\"><a href=\" http:\/\/blogdemaruchiripoll.com\/wp-content\/uploads\/2014\/02\/BELLESGUARD.jpg\"><img aria-describedby=\"caption-attachment-1578\" decoding=\"async\" loading=\"lazy\" class=\" wp-image-1578\" title=\"T\u00edtulo: BELLESGUARD -Castillo Medieval- 38 x 46 cms. -\u00d3leo sobre tela\" src=\" http:\/\/blogdemaruchiripoll.com\/wp-content\/uploads\/2014\/02\/BELLESGUARD-247x300.jpg\" alt=\"BELLESGUARD\" width=\"180\" height=\"219\" srcset=\"http:\/\/blogdemaruchiripoll.com\/wp-content\/uploads\/2014\/02\/BELLESGUARD-247x300.jpg 247w, http:\/\/blogdemaruchiripoll.com\/wp-content\/uploads\/2014\/02\/BELLESGUARD-846x1024.jpg 846w, http:\/\/blogdemaruchiripoll.com\/wp-content\/uploads\/2014\/02\/BELLESGUARD.jpg 1175w\" sizes=\"(max-width: 180px) 100vw, 180px\" \/><\/a><p id=\"caption-attachment-1578\" class=\"wp-caption-text\">cuadro n\u00ba 10<\/p><\/div>\n<\/div>\n<div class=\"txtimagen_3_BGP_9\">\n<p style=\"text-align: justify;\">T\u00edtulo: BELLESGUARD -Castillo Medieval- 38 x 46 cms.. \u00d3leo sobre tela.<\/p>\n<p style=\"text-align: justify;\">Es una joya modernista, escondida al ojo p\u00fablico barcelon\u00e9s. El motivo lo hemos de buscar, en que su ubicaci\u00f3n est\u00e1 en la falda del Tibidabo, notablemente alejado del centro de la ciudad. A\u00f1adir que el famoso arquitecto, honrando la memoria del \u00faltimo rey catal\u00e1n, Mart\u00ed l&#8217;Hum\u00e1, lo erigi\u00f3 en el mismo lugar que estuvo el antiguo castillo medieval.<\/p>\n<p style=\"text-align: justify;\">Para la \u00abArtista\u00bb fu\u00e9 una caso singular, el llevar al lienzo un castillo de estas caracter\u00edsticas, donde abundan los ventanales con arcos y estrecheces fuera de lo actual, entre otras dificultades.<br \/>\nVisto el resultado, hay que decir que con su imperturbable pulso, ha superado \u00e1mpliamente las dificultades, quit\u00e1ndole rigidaz con las dos arboledas laterales que lo adornan.<\/p>\n<\/div>\n<\/div>\n<\/div>\n<h3 style=\"text-align: center;\">GAUD\u00cd CREO UN MUNDO EN EL PARQUE G\u00dcELL<\/h3>\n<div class=\"modulo\" style=\"text-align: justify;\">\n<p><span style=\"text-decoration: underline;\"><em><strong>Paseo ajardinado -formato peque\u00f1o-<br \/>\n<\/strong><\/em><\/span><\/p>\n<div class=\"galeria\">\n<div class=\"caption esp0\">\n<div style=\"width: 197px\" class=\"wp-caption alignnone\"><img decoding=\"async\" loading=\"lazy\" class=\" \" title=\"T\u00edtulo: PASEO AJARDINADO -Parque G\u00fcell- 33 x 24 cms.. \u00d3leo sobre tela.\" src=\" http:\/\/blogdemaruchiripoll.com\/wp-content\/uploads\/2014\/02\/PASEO-AJARDIN_24x19_-300x233.jpg\" alt=\"PASEO AJARDIN_24x19_\" width=\"187\" height=\"144\" \/><p class=\"wp-caption-text\">cuadro n\u00ba 11<\/p><\/div>\n<\/div>\n<div class=\"txtimagen_3_PAP_10\">\n<p style=\"text-align: justify;\">T\u00edtulo: PASEO AJARDINADO -Parque G\u00fcell- 33 x 24 cms.. \u00d3leo sobre tela.<\/p>\n<p style=\"text-align: justify;\">Es un paseo del interior del parque, tosco en su esencia pero las plantas y \u00e1rboles que lo circundan componen un paisaje equilibrado y pl\u00e1stico.<\/p>\n<p style=\"text-align: justify;\">A destacar el edificio que se divisa frontalmente, tallado en la propia monta\u00f1a.<\/p>\n<\/div>\n<\/div>\n<\/div>\n<div class=\"modulo\" style=\"text-align: justify;\">\n<p><span style=\"text-decoration: underline;\"><em><strong>Jardines -formato peque\u00f1o-<br \/>\n<\/strong><\/em><\/span><\/p>\n<div class=\"galeria\">\n<div class=\"caption esp0\">\n<div style=\"width: 154px\" class=\"wp-caption alignnone\"><img decoding=\"async\" loading=\"lazy\" class=\" \" title=\"T\u00edtulo:JARDINES -39 X 33 cms. \u00d3leo sobre tela.\" src=\" http:\/\/blogdemaruchiripoll.com\/wp-content\/uploads\/2014\/02\/JARDINES_27x22_1.jpg\" alt=\"JARDINES_27x22_\" width=\"144\" height=\"183\" \/><p class=\"wp-caption-text\">cuadro n \u00ba 12<\/p><\/div>\n<\/div>\n<div class=\"txtimagen_3_JRP_11\">\n<p style=\"text-align: justify;\">T\u00edtulo: JARDINES -Parque G\u00fcell- 33 x 24 cms.. \u00d3leo sobre tela.<\/p>\n<p style=\"text-align: justify;\">Son tal vez los m\u00e1s emblem\u00e1ticos de este parque,\u00a0 que destacan por su gran belleza.<\/p>\n<p style=\"text-align: justify;\">Maruchi Ripoll ha conseguido embellecerlos todav\u00eda m\u00e1s con su pincel.<\/p>\n<\/div>\n<\/div>\n<\/div>\n<div class=\"modulo\" style=\"text-align: justify;\">\n<p><span style=\"text-decoration: underline;\"><em><strong>Pabell\u00f3n de entrada -formato peque\u00f1o- <\/strong><\/em><\/span><\/p>\n<div class=\"galeria\">\n<div class=\"caption esp0\">\n<div style=\"width: 139px\" class=\"wp-caption alignnone\"><img decoding=\"async\" loading=\"lazy\" class=\" \" title=\"T\u00edtulo: PAVELL\u00d3N DE ENTRADA -Parque G\u00fcell- 24 x 19 cms. \u00d3leo sobre tela\" src=\" http:\/\/blogdemaruchiripoll.com\/wp-content\/uploads\/2014\/02\/PAVELLENTR_ParqGuell_24x19-234x300.jpg\" alt=\"PAVELLENTR\" width=\"129\" height=\"164\" \/><p class=\"wp-caption-text\">cuadro n\u00ba 13<\/p><\/div>\n<\/div>\n<div class=\"txtimagen_3_PVP_12\">\n<p style=\"text-align: justify;\">T\u00edtulo: PAVELL\u00d3N DE ENTRADA -Parque G\u00fcell- 33 x 24 cms.. \u00d3leo sobre tela.<\/p>\n<p style=\"text-align: justify;\">Es un peque\u00f1o edificio con el estilo inconfundible de Gaud\u00ed.<\/p>\n<p style=\"text-align: justify;\">Tiene como funci\u00f3n el control de entrada de los visitantes del parque.<\/p>\n<\/div>\n<\/div>\n<\/div>\n<div class=\"modulo\" style=\"text-align: justify;\">\n<p><span style=\"text-decoration: underline;\"><em><strong>Pasadizo -formato peque\u00f1o- <\/strong><\/em><\/span><\/p>\n<div class=\"galeria\">\n<div class=\"caption esp0\">\n<div id=\"attachment_198\" style=\"width: 190px\" class=\"wp-caption alignnone\"><a href=\" http:\/\/blogdemaruchiripoll.com\/wp-content\/uploads\/2014\/02\/PASADIZO_ParqGuell_24x19jpg.jpg\"><img aria-describedby=\"caption-attachment-198\" decoding=\"async\" loading=\"lazy\" class=\" wp-image-198 \" title=\"T\u00edtulo: PASADIZO -Parque G\u00fcell- 24 x 19 cms. -\u00d3leo sobre tela\" src=\" http:\/\/blogdemaruchiripoll.com\/wp-content\/uploads\/2014\/02\/PASADIZO_ParqGuell_24x19jpg-300x235.jpg\" alt=\"PASADIZO_ParqGuell_24x19jpg\" width=\"180\" height=\"144\" \/><\/a><p id=\"caption-attachment-198\" class=\"wp-caption-text\">cuadro n\u00ba 14<\/p><\/div>\n<\/div>\n<div class=\"txtimagen_3_PSP_13\">\n<p style=\"text-align: justify;\">T\u00edtulo: PASADIZO -Parque G\u00fcell- 33 x 24 cms.. \u00d3leo sobre tela.<\/p>\n<p style=\"text-align: justify;\">Como su t\u00edtulo indica es un pasadizo situado en la parte monta\u00f1osa del parque.<\/p>\n<p style=\"text-align: justify;\">Al igual que el cuadro n\u00ba 7 est\u00e1 constru\u00eddo con la propia roca de la monta\u00f1a. La \u00abArtista\u00bb a trav\u00e9s de sus relieves maestros, ha sabido sacar lo mejor de esta composici\u00f3n.<\/p>\n<\/div>\n<\/div>\n<\/div>\n<div class=\"modulo\" style=\"text-align: justify;\">\n<p><span style=\"text-decoration: underline;\"><em><strong>Drag\u00f3n -formato peque\u00f1o- <\/strong><\/em><\/span><\/p>\n<div class=\"galeria\">\n<div class=\"caption esp0\">\n<div id=\"attachment_204\" style=\"width: 150px\" class=\"wp-caption alignnone\"><a href=\" http:\/\/blogdemaruchiripoll.com\/wp-content\/uploads\/2014\/02\/DRAG_ParqGuell_-35x27.jpg\"><img aria-describedby=\"caption-attachment-204\" decoding=\"async\" loading=\"lazy\" class=\" wp-image-204\" title=\"T\u00edtulo: DRAG\u00d3N -Parque G\u00fcell- 33 x 24 cms.. \u00d3leo sobre tela.\" src=\" http:\/\/blogdemaruchiripoll.com\/wp-content\/uploads\/2014\/02\/DRAG_ParqGuell_-35x27-235x300.jpg\" alt=\"DRAG_ParqGuell_ 35x27\" width=\"140\" height=\"170\" \/><\/a><p id=\"caption-attachment-204\" class=\"wp-caption-text\">cuadro n\u00ba 15<\/p><\/div>\n<\/div>\n<div class=\"txtimagen_3_DRP_14\">\n<p style=\"text-align: justify;\">T\u00edtulo: DRAG\u00d3N -Parque G\u00fcell- 33 x 24 cms.. \u00d3leo sobre tela.<\/p>\n<p style=\"text-align: justify;\">Este es uno de los de los elementos del Parque G\u00fcell, que queda en la memoria de los que lo han visitado.Tambi\u00e9n las m\u00faltiples reproducciones de este icono, han contribu\u00eddo a su difusi\u00f3n.<\/p>\n<p style=\"text-align: justify;\">Maruchi Ripoll, ha jugado sabiamente con los relives y con la combinaci\u00f3n de colores obteniendo un cromatismo excelso.<\/p>\n<\/div>\n<\/div>\n<\/div>\n<h3 style=\"text-align: center;\">EDIFICIOS MEDI\u00c1TICOS EN EL PASEO DE GRACIA<\/h3>\n<div class=\"modulo\" style=\"text-align: justify;\">\n<p><span style=\"text-decoration: underline;\"><em><strong>Casa Mil\u00e1 (La Pedrera)-formato peque\u00f1o- <\/strong><\/em><\/span><\/p>\n<div class=\"galeria\">\n<div class=\"caption esp0\">\n<div id=\"attachment_201\" style=\"width: 247px\" class=\"wp-caption alignnone\"><img aria-describedby=\"caption-attachment-201\" decoding=\"async\" loading=\"lazy\" class=\" wp-image-201 \" title=\"T\u00edtulo:CASA MIL\u00c1 (La Pedrera) -63 X 54 cms.- \u00d3leo sobre tela.\" src=\" http:\/\/blogdemaruchiripoll.com\/wp-content\/uploads\/2014\/02\/CASAMILA_65x54-300x244.jpg\" alt=\"CASAMILA_65x54\" width=\"237\" height=\"191\" \/><p id=\"caption-attachment-201\" class=\"wp-caption-text\">cuadro n\u00ba 16<\/p><\/div>\n<\/div>\n<div class=\"txtimagen_3_CMM_15\">\n<p style=\"text-align: justify;\">T\u00edtulo: CASA MIL\u00c1 -Paseo de Gracia- 65 x 54 cms.. \u00d3leo sobre tela.<\/p>\n<p style=\"text-align: justify;\">Uno de los edificios mas emblem\u00e1ticos del insigne arquitecto, presentado por la \u00abArtista\u00bb en un estilo figurativo .<\/p>\n<p style=\"text-align: justify;\">Se aparta del hiperrealismo tantas veces utilizado por diversos pintores. Este cuadro, queda envuelto en un ambiente ciertamente misterioso.<\/p>\n<\/div>\n<\/div>\n<\/div>\n<div class=\"modulo\" style=\"text-align: justify;\">\n<p><span style=\"text-decoration: underline;\"><em><strong>Casa Batll\u00f3 -formato mediano- <\/strong><\/em><\/span><\/p>\n<div class=\"galeria\">\n<div class=\"caption esp11\">\n<div id=\"attachment_734\" style=\"width: 203px\" class=\"wp-caption alignnone\"><a href=\" http:\/\/blogdemaruchiripoll.com\/wp-content\/uploads\/2014\/02\/CASA-BATLLO.jpg\"><img aria-describedby=\"caption-attachment-734\" decoding=\"async\" loading=\"lazy\" class=\" wp-image-734 \" title=\"T\u00edtulo:CASA BATLL\u00d3 -54 X 63 cms.- \u00d3leo sobre tela.\" src=\" http:\/\/blogdemaruchiripoll.com\/wp-content\/uploads\/2014\/02\/CASA-BATLLO-231x300.jpg\" alt=\"CASA BATLLO\" width=\"193\" height=\"251\" srcset=\"http:\/\/blogdemaruchiripoll.com\/wp-content\/uploads\/2014\/02\/CASA-BATLLO-231x300.jpg 231w, http:\/\/blogdemaruchiripoll.com\/wp-content\/uploads\/2014\/02\/CASA-BATLLO-791x1024.jpg 791w\" sizes=\"(max-width: 193px) 100vw, 193px\" \/><\/a><p id=\"caption-attachment-734\" class=\"wp-caption-text\">cuadro n\u00ba 17<\/p><\/div>\n<\/div>\n<div class=\"txtimagen_3_CBM_16\">\n<p style=\"text-align: justify;\">T\u00edtulo: CASA BATLL\u00d3 &#8211; 55 x 73 cms.- \u00d3leo sobre tela.<\/p>\n<p style=\"text-align: justify;\">Estamos ante quiz\u00e1 el edificio m\u00e1s medi\u00e1tico del ilustre \u00abarquitecto\u00bb, que recibe cientos de visitas en \u00e9pocas tur\u00edsticas. Es una verdadera filigrana,\u00a0 en la concepci\u00f3n de sus balcones y tribunas.<\/p>\n<p style=\"text-align: justify;\">La \u00abArtista\u00bb, a pesar de la gran dificultad para plasmarlo en el lienzo, acometi\u00f3 el reto. Ha sido una obra muy acorde con el estilo globalista que practica, en cuanto a los relieves que presenta la fachada, especialmente en los balcones y el tejado.<\/p>\n<p style=\"text-align: justify;\">El cuadro visto al natural presenta una belleza y cromatismo excepcional.<\/p>\n<\/div>\n<\/div>\n<\/div>\n<div class=\"modulo\" style=\"text-align: justify;\">\n<p><span style=\"text-decoration: underline;\"><em><strong>Detalle de la \u00abCasa Batll\u00f3\u00bb -formato mediano- <\/strong><\/em><\/span><\/p>\n<div class=\"galeria\">\n<div class=\"caption esp11\">\n<div id=\"attachment_735\" style=\"width: 134px\" class=\"wp-caption alignnone\"><a href=\" http:\/\/blogdemaruchiripoll.com\/wp-content\/uploads\/2014\/02\/DETALLCASABATLLO.jpg\"><img aria-describedby=\"caption-attachment-735\" decoding=\"async\" loading=\"lazy\" class=\" wp-image-735 \" title=\"T\u00edtulo: DETALLE FACHADA CASA BATLL\u00d3 -22 X 33 cms.- \u00d3leo sobre tela.\" src=\" http:\/\/blogdemaruchiripoll.com\/wp-content\/uploads\/2014\/02\/DETALLCASABATLLO-212x300.jpg\" alt=\"DETALLCASABATLLO\" width=\"124\" height=\"176\" srcset=\"http:\/\/blogdemaruchiripoll.com\/wp-content\/uploads\/2014\/02\/DETALLCASABATLLO-212x300.jpg 212w, http:\/\/blogdemaruchiripoll.com\/wp-content\/uploads\/2014\/02\/DETALLCASABATLLO-726x1024.jpg 726w, http:\/\/blogdemaruchiripoll.com\/wp-content\/uploads\/2014\/02\/DETALLCASABATLLO.jpg 1566w\" sizes=\"(max-width: 124px) 100vw, 124px\" \/><\/a><p id=\"caption-attachment-735\" class=\"wp-caption-text\">cuadro n\u00ba 18<\/p><\/div>\n<p style=\"text-align: justify;\">\n<\/div>\n<div class=\"txtimagen_3_DCB_17\">\n<p style=\"text-align: justify;\">T\u00edtulo: DETALLE DE LA CASA BATLL\u00d3 &#8211; 22 x 33 cms.- \u00d3leo sobre tela.<\/p>\n<p style=\"text-align: justify;\">Un edificio tan afiligranado, merec\u00eda que se plasmara un detalle de las partes m\u00e1s representativas. La \u00abArtista as\u00ed lo entendi\u00f3 y y cre\u00f3 un cuadro de s\u00edntesis del edificio, mostrando a mayor tama\u00f1o, los \u00abbalcones\u00bb, las \u00abtribunas\u00bb y las puertas de entrada.<\/p>\n<\/div>\n<\/div>\n<\/div>\n<h3 style=\"text-align: center;\">OTROS EDIFICIOS QUE MERECEN LA PENA<\/h3>\n<div class=\"modulo\" style=\"text-align: justify;\">\n<p><span style=\"text-decoration: underline;\"><em><strong>Finca G\u00fcell (Pedralbes) -formato mediano- <\/strong><\/em><\/span><\/p>\n<div class=\"galeria\">\n<div class=\"caption esp73\">\n<div id=\"attachment_202\" style=\"width: 271px\" class=\"wp-caption alignnone\"><a href=\" http:\/\/blogdemaruchiripoll.com\/wp-content\/uploads\/2014\/02\/FINCGUELL_61x38.jpg\"><img aria-describedby=\"caption-attachment-202\" decoding=\"async\" loading=\"lazy\" class=\" wp-image-202 \" title=\"T\u00edtulo: FINCA G\u00dcELL -Pedralbes - 22 x 16 cms. -\u00d3leo sobre tela\" src=\" http:\/\/blogdemaruchiripoll.com\/wp-content\/uploads\/2014\/02\/FINCGUELL_61x38-300x185.jpg\" alt=\"FINCGUELL_61x38\" width=\"261\" height=\"159\" \/><\/a><p id=\"caption-attachment-202\" class=\"wp-caption-text\">cuadro n\u00ba 19<\/p><\/div>\n<\/div>\n<div class=\"txtimagen_3_FGM_18\">\n<p style=\"text-align: justify;\">T\u00edtulo: FINCA G\u00dcELL -Pedralbes- 73 x 55 cms.- \u00d3leo sobre tela.<\/p>\n<p style=\"text-align: justify;\">Aunque quiz\u00e1s no tan conocidos ni populares como los anteriores, Antonio Gaud\u00ed se prodig\u00f3 en edificios por encargo (algunos como el presente, para personajes nobiliarios de la Catalunya de finales del ochocientos.<\/p>\n<p style=\"text-align: justify;\">Es un cuadro de gran elegancia,\u00a0 el conseguido por la \u00abArtista\u00bb, combinando con maestr\u00eda, el estilo arquitect\u00f3nico de la \u00abfinca\u00bb, con una arboleda que suaviza mucho,\u00a0 la gran amplitud de la fachada.<\/p>\n<p style=\"text-align: justify;\">Merece la pena destacar aparte, el realismo conseguido con el pincel,\u00a0 en la reja de entrada.<\/p>\n<\/div>\n<\/div>\n<\/div>\n<div class=\"modulo\" style=\"text-align: justify;\"><span style=\"text-decoration: underline;\"><br \/>\n<em><strong>P\u00f3rtico (Colonia G\u00fcell) -formato peque\u00f1o- <\/strong><\/em><\/span><\/p>\n<div class=\"galeria\">\n<div class=\"caption esp31\">\n<div id=\"attachment_761\" style=\"width: 193px\" class=\"wp-caption alignnone\"><a href=\" http:\/\/blogdemaruchiripoll.com\/wp-content\/uploads\/2014\/02\/PORTICOCripta.jpg\"><img aria-describedby=\"caption-attachment-761\" decoding=\"async\" loading=\"lazy\" class=\" wp-image-761 \" title=\"T\u00edtulo: P\u00d3RTICO DE LA CRIPTA DE LA COLONIA G\u00dcELL- 22 x 16 cms. -\u00d3leo sobre tela\" src=\" http:\/\/blogdemaruchiripoll.com\/wp-content\/uploads\/2014\/02\/PORTICOCripta-300x233.jpg\" alt=\"PORTICOCripta\" width=\"183\" height=\"144\" \/><\/a><p id=\"caption-attachment-761\" class=\"wp-caption-text\">cuadro n\u00ba 20<\/p><\/div>\n<\/div>\n<div class=\"txtimagen_3_PCG_19\">\n<p style=\"text-align: justify;\">T\u00edtulo: P\u00d3RTICO DE LA CRIPTA DE LA COLONIA G\u00dcELL 33 x 22 cms.- \u00d3leo sobre tela.<\/p>\n<p style=\"text-align: justify;\">Constituye un proyecto inacabado del c\u00e9lebre arquietecto catal\u00e1n. Lo que ten\u00eda que ser una Iglesia de varias torres, qued\u00f3 solo en una cripta, con capilla interior. No obstante,\u00a0 despleg\u00f3 una gran libertad creativa y una imaginativa creaci\u00f3n ornamental.<\/p>\n<p style=\"text-align: justify;\">A pesar de dicha circunstancia, Maruchi Ripoll\u00a0 no lo ha querido dejar fuera de su \u00abColecci\u00f3n\u00bb, porque ha captado el encanto de esta obra inacabada.<\/p>\n<\/div>\n<\/div>\n<\/div>\n<div class=\"modulo\" style=\"text-align: justify;\">\n<p><span style=\"text-decoration: underline;\"><em><strong>Capilla (Cripta de La Colonia G\u00fcell) -formato peque\u00f1o- <\/strong><\/em><\/span><\/p>\n<div class=\"galeria\">\n<div class=\"caption esp23\">\n<div id=\"attachment_762\" style=\"width: 153px\" class=\"wp-caption alignnone\"><a href=\" http:\/\/blogdemaruchiripoll.com\/wp-content\/uploads\/2014\/02\/IGLESIACripta.jpg\"><img aria-describedby=\"caption-attachment-762\" decoding=\"async\" loading=\"lazy\" class=\" wp-image-762 \" title=\"T\u00edtulo: IGLESIA -Cripta de la Colonia G\u00fcell- 22 x 16 cms. -\u00d3leo sobre tela\" src=\" http:\/\/blogdemaruchiripoll.com\/wp-content\/uploads\/2014\/02\/IGLESIACripta-240x300.jpg\" alt=\"IGLESIACripta\" width=\"143\" height=\"178\" srcset=\"http:\/\/blogdemaruchiripoll.com\/wp-content\/uploads\/2014\/02\/IGLESIACripta-240x300.jpg 240w, http:\/\/blogdemaruchiripoll.com\/wp-content\/uploads\/2014\/02\/IGLESIACripta-819x1024.jpg 819w\" sizes=\"(max-width: 143px) 100vw, 143px\" \/><\/a><p id=\"caption-attachment-762\" class=\"wp-caption-text\">cuadro n\u00ba 21<\/p><\/div>\n<p style=\"text-align: justify;\">\n<\/div>\n<div class=\"txtimagen_3_ICG_20\">\n<p style=\"text-align: justify;\">T\u00edtulo: CAPILLA DE LA CRIPTA DE LA COLONIA G\u00dcELL -33 x 22 cms.- \u00d3leo sobre tela.<\/p>\n<p style=\"text-align: justify;\">Lo que ten\u00eda que ser \u00abIglesia\u00bb,\u00a0 qued\u00f3 en ena simple \u00abCapilla\u00bb. La Cripta sirvi\u00f3 a Gaud\u00ed de banco de pruebas donde experimentar nuevas soluciones estructurales ideadas por \u00e9l. Dijo el insigne \u00abArquitecto\u00bb: \u00abSin la prueba a gran escala de los muros y b\u00f3vedas, que he hecho en la Colonia G\u00fcell, no me habr\u00eda atrevido a utilizarlas en el templo de la Sagrada Familia\u00bb.<\/p>\n<p style=\"text-align: justify;\">Maruchi Ripoll, ha plasmado en el lienzo, la b\u00f3veda y el peque\u00f1o altar.<\/p>\n<\/div>\n<\/div>\n<\/div>\n<h2 class=\"h2-big\" style=\"text-align: justify;\"><em>CUADROS A\u00d1ADIDOS A LA \u00abCOLECCI\u00d3N GAUD\u00cd\u00bb &#8211; del 2015\u00a0 al\u00a0 2016 &#8211;\u00a0CON MOTIVO\u00a0DE LA EXPOSICI\u00d3N DEL HOTEL ESTELA\u00a0 (15-07-2016).<\/em><\/h2>\n<h3 style=\"text-align: center;\">EDIFICIO DE MODA<\/h3>\n<p><!-- inicio de modulo especial --><\/p>\n<div class=\"modulo\" style=\"text-align: justify;\">\n<p><strong><span style=\"text-decoration: underline;\"><em>Casa Vicens (Barcelona) -formato mediano-<\/em><\/span><\/strong><\/p>\n<div class=\"galeria\">\n<div id=\"attachment_1985\" style=\"width: 310px\" class=\"wp-caption aligncenter\"><a href=\"http:\/\/blogdemaruchiripoll.com\/wp-content\/uploads\/2014\/02\/GD-08_20160512_121617_Casa-Vicens_OKKK_sin-tit.jpg\"><img aria-describedby=\"caption-attachment-1985\" decoding=\"async\" loading=\"lazy\" class=\"wp-image-1985 size-medium\" title=\"T\u00edtulo: CASA VICENS - c\/Las Carolinas - (Barcelona) -61 x 50 cms. \u00d3leo sobre tela.\" src=\"http:\/\/blogdemaruchiripoll.com\/wp-content\/uploads\/2014\/02\/GD-08_20160512_121617_Casa-Vicens_OKKK_sin-tit-300x238.jpg\" alt=\"GD-08_20160512_121617_Casa Vicens_OKKK_sin tit\" width=\"300\" height=\"238\" srcset=\"http:\/\/blogdemaruchiripoll.com\/wp-content\/uploads\/2014\/02\/GD-08_20160512_121617_Casa-Vicens_OKKK_sin-tit-300x238.jpg 300w, http:\/\/blogdemaruchiripoll.com\/wp-content\/uploads\/2014\/02\/GD-08_20160512_121617_Casa-Vicens_OKKK_sin-tit-768x609.jpg 768w, http:\/\/blogdemaruchiripoll.com\/wp-content\/uploads\/2014\/02\/GD-08_20160512_121617_Casa-Vicens_OKKK_sin-tit-1024x812.jpg 1024w\" sizes=\"(max-width: 300px) 100vw, 300px\" \/><\/a><p id=\"caption-attachment-1985\" class=\"wp-caption-text\">cuadro n\u00ba 22<\/p><\/div>\n<div class=\"txtimagen_gen\">\n<p>T\u00edtulo: CASA VICENS &#8211; c\/Las Carolinas &#8211; (Barcelona) -61 x 50 cms. \u00d3leo sobre tela.<\/p>\n<p>El debut de un joven arquitecto, no hubiera podido ser m\u00e1s ostentoso. La \u00abCasa Vicens\u00bb, por su gran vistosidad, se levanta ante el visitante, como un castillo de las \u00abMil y una Noches\u00bb y, sin embargo, se trata de un edificio situado en una calle popular del barrio de Gracia . Tampoco fue la residencia de un pr\u00edncipe, si no el hogar de un fabricante de ladrillos y azulejos de aquella \u00e9poca.Diez a\u00f1os transcurrieron, entre la concesi\u00f3n de la obra y su conclusi\u00f3n, aunque en realidad solo se trabaj\u00f3 en ella durante cinco a\u00f1os. Es importante mencionar que estos cinco a\u00f1os transcurrieron entre 1883 y 1888, siendo la primera obra que acometi\u00f3 Antonio Gaud\u00ed.<\/p>\n<p>Combinando el arte milenario \u00e1rabe con el espa\u00f1ol, Gaud\u00ed realiz\u00f3 un edificio de sello propio. Mientras en la parte inferior, dominan las formas espa\u00f1olas, a medida que se asciende, aumentan los elementos de raigambre musulmana.<\/p>\n<p>Es un cuadro de una insuperable combinaci\u00f3n de colorido, el conseguido por la \u00abArtista\u00bb, combinando con maestr\u00eda, el estilo peculiar del edificio\u00bb, con un entorno decorativo y relajante, que aten\u00faa la gran explosi\u00f3n de colorido del mismo.<\/p>\n<\/div>\n<\/div>\n<\/div>\n<p><!-- fin modulo especial --><\/p>\n<h3 style=\"text-align: center;\">UN EDIFICIO M\u00c1S PARA EL CONDE G\u00dcELL<\/h3>\n<p><!-- inicio de modulo flex --><\/p>\n<div class=\"modulo\" style=\"text-align: justify;\">\n<p><strong><span style=\"text-decoration: underline;\"><em>Bodegas G\u00fcell\u00a0&#8211;\u00a0El Garraf (Barcelona)\u00a0-formato mediano-<\/em><\/span><\/strong><\/p>\n<div class=\"galer\u00eda galeria-flex\">\n<div>\n<div id=\"attachment_1986\" style=\"width: 160px\" class=\"wp-caption alignnone\"><a href=\"http:\/\/blogdemaruchiripoll.com\/wp-content\/uploads\/2014\/02\/GD-17_20160512_114049_Bodegas-G\u00fcell_Sitges_OKK_sin-tit.jpg\"><img aria-describedby=\"caption-attachment-1986\" decoding=\"async\" loading=\"lazy\" class=\"wp-image-1986 size-thumbnail\" title=\"T\u00edtulo: BODEGAS G\u00dcELL -\u00a0El Garraf\u00a0 - (Barcelona) -41 x\u00a033 cms.. \u00d3leo sobre tela.\" src=\"http:\/\/blogdemaruchiripoll.com\/wp-content\/uploads\/2014\/02\/GD-17_20160512_114049_Bodegas-G\u00fcell_Sitges_OKK_sin-tit-150x150.jpg\" width=\"150\" height=\"150\" srcset=\"http:\/\/blogdemaruchiripoll.com\/wp-content\/uploads\/2014\/02\/GD-17_20160512_114049_Bodegas-G\u00fcell_Sitges_OKK_sin-tit-150x150.jpg 150w, http:\/\/blogdemaruchiripoll.com\/wp-content\/uploads\/2014\/02\/GD-17_20160512_114049_Bodegas-G\u00fcell_Sitges_OKK_sin-tit-36x36.jpg 36w, http:\/\/blogdemaruchiripoll.com\/wp-content\/uploads\/2014\/02\/GD-17_20160512_114049_Bodegas-G\u00fcell_Sitges_OKK_sin-tit-115x115.jpg 115w\" sizes=\"(max-width: 150px) 100vw, 150px\" \/><\/a><p id=\"caption-attachment-1986\" class=\"wp-caption-text\">Cuadro n\u00ba23<\/p><\/div>\n<\/div>\n<div class=\"txtimagen_gen\">\n<p>T\u00edtulo: BODEGAS G\u00dcELL &#8211;\u00a0El Garraf\u00a0 &#8211; (Barcelona) -41 x\u00a033 cms.. \u00d3leo sobre tela.<\/p>\n<p>Gaud\u00ed recibi\u00f3 el encargo para esta obra en 1882 de parte de su gran mecenas,<span class=\"Apple-converted-space\">\u00a0<\/span><a title=\"Eusebi G\u00fcell\" href=\"https:\/\/es.wikipedia.org\/wiki\/Eusebi_G%C3%BCell\">Eusebi G\u00fcell,<\/a> Conde de G\u00fcell.<span class=\"Apple-converted-space\">\u00a0<\/span>El emplazamiento ser\u00eda\u00a0en una finca propia del\u00a0Garraf, entre Sitges y<span class=\"Apple-converted-space\">\u00a0<\/span><a class=\"mw-redirect\" title=\"Castelldefels\" href=\"https:\/\/es.wikipedia.org\/wiki\/Castelldefels\">Castelldefels<\/a>. que parte era \u00a0cantera de piedra caliza, utilizada posteriormente en la construcci\u00f3n.<\/p>\n<p>G\u00fcell hab\u00eda conocido la obra de Gaud\u00ed en la<span class=\"Apple-converted-space\">\u00a0<\/span><a title=\"Exposici\u00f3n Universal de Par\u00eds (1878)\" href=\"https:\/\/es.wikipedia.org\/wiki\/Exposici%C3%B3n_Universal_de_Par%C3%ADs_(1878)\">Exposici\u00f3n Universal de Par\u00eds<\/a><span class=\"Apple-converted-space\">\u00a0<\/span>de 1878, fecha en la que empez\u00f3 una larga amistad y un gran n\u00famero de encargos como el<span class=\"Apple-converted-space\">\u00a0<\/span><a title=\"Palacio G\u00fcell\" href=\"https:\/\/es.wikipedia.org\/wiki\/Palacio_G%C3%BCell\">Palacio G\u00fcell<\/a>, los<span class=\"Apple-converted-space\">\u00a0<\/span><a title=\"Pabellones G\u00fcell\" href=\"https:\/\/es.wikipedia.org\/wiki\/Pabellones_G%C3%BCell\">Pabellones G\u00fcell<\/a><span class=\"Apple-converted-space\">\u00a0<\/span>de<span class=\"Apple-converted-space\">\u00a0<\/span><a title=\"Pedralbes\" href=\"https:\/\/es.wikipedia.org\/wiki\/Pedralbes\">Pedralbes<\/a>, el<span class=\"Apple-converted-space\">\u00a0<\/span><a title=\"Parque G\u00fcell\" href=\"https:\/\/es.wikipedia.org\/wiki\/Parque_G%C3%BCell\">Parque G\u00fcell<\/a><span class=\"Apple-converted-space\">\u00a0<\/span>y la<span class=\"Apple-converted-space\">\u00a0<\/span><a title=\"Cripta de la Colonia G\u00fcell\" href=\"https:\/\/es.wikipedia.org\/wiki\/Cripta_de_la_Colonia_G%C3%BCell\">Cripta de la Colonia G\u00fcell<\/a><span class=\"Apple-converted-space\">\u00a0<\/span>en <a title=\"Santa Coloma de Cervell\u00f3\" href=\"https:\/\/es.wikipedia.org\/wiki\/Santa_Coloma_de_Cervell%C3%B3\">Santa Coloma de Cervell\u00f3<\/a>.<\/p>\n<p>El conde G\u00fcell produc\u00eda en\u00a0estas bodegas,\u00a0un vino denominado de las Bodegas G\u00fcell, que\u00a0se exportaba a <a title=\"Cuba\" href=\"https:\/\/es.wikipedia.org\/wiki\/Cuba\">Cuba<\/a>; al no tener mucho \u00e9xito, en 1936 dej\u00f3 de producirse.<\/p>\n<p>Actualmente, las Bodegas G\u00fcell alojan un<span class=\"Apple-converted-space\">\u00a0<\/span><a title=\"Restaurante\" href=\"https:\/\/es.wikipedia.org\/wiki\/Restaurante\">restaurante<\/a>.<\/p>\n<p>Maruchi Ripoll ha resaltado este edificio construido como se indica con piedra caliza, en una especie de monumento medieval, adornado con sutileza por ramaje y flores, que dulcifican su aspecto tosco, convirti\u00e9ndolo finalmente, \u00a0en un cuadro muy agradable y original.<\/p>\n<\/div>\n<\/div>\n<\/div>\n<p><!-- fin modulo flex --><\/p>\n<h3 style=\"text-align: center;\">UN CUADRO CON \u00abGLAMOUR\u00bb<\/h3>\n<p><!-- inicio de modulo flex --><\/p>\n<div class=\"modulo\" style=\"text-align: justify;\">\n<p><strong><span style=\"text-decoration: underline;\"><em><i>Jard\u00edn en el Capricho\u00a0<\/i><strong><i>-Comillas-<\/i><\/strong><span style=\"text-decoration: underline;\"><em><strong>\u00a0(Santander) -formato peque\u00f1o-<\/strong><\/em><\/span><\/em><\/span><\/strong><\/p>\n<div class=\"galer\u00eda galeria-flex\">\n<div>\n<div id=\"attachment_1987\" style=\"width: 160px\" class=\"wp-caption alignnone\"><a href=\"http:\/\/blogdemaruchiripoll.com\/wp-content\/uploads\/2014\/02\/GD-21_20160625-WA0003_Jard\u00edn-en-El-Capricho_OKK.jpg\"><img aria-describedby=\"caption-attachment-1987\" decoding=\"async\" loading=\"lazy\" class=\"wp-image-1987 size-thumbnail\" title=\"T\u00edtulo:\u00a0JARD\u00cdN EN EL &quot;CAPRICHO&quot; (Gaud\u00ed)\u00a0-\u00a0Comillas\u00a0 - (Santander) -27 x\u00a035 cms.. \u00d3leo sobre tela.\" src=\"http:\/\/blogdemaruchiripoll.com\/wp-content\/uploads\/2014\/02\/GD-21_20160625-WA0003_Jard\u00edn-en-El-Capricho_OKK-150x150.jpg\" width=\"150\" height=\"150\" srcset=\"http:\/\/blogdemaruchiripoll.com\/wp-content\/uploads\/2014\/02\/GD-21_20160625-WA0003_Jard\u00edn-en-El-Capricho_OKK-150x150.jpg 150w, http:\/\/blogdemaruchiripoll.com\/wp-content\/uploads\/2014\/02\/GD-21_20160625-WA0003_Jard\u00edn-en-El-Capricho_OKK-36x36.jpg 36w, http:\/\/blogdemaruchiripoll.com\/wp-content\/uploads\/2014\/02\/GD-21_20160625-WA0003_Jard\u00edn-en-El-Capricho_OKK-115x115.jpg 115w\" sizes=\"(max-width: 150px) 100vw, 150px\" \/><\/a><p id=\"caption-attachment-1987\" class=\"wp-caption-text\">Cuadro n\u00ba24<\/p><\/div>\n<\/div>\n<div class=\"txtimagen_gen\">\n<p>T\u00edtulo:\u00a0JARD\u00cdN EN EL \u00abCAPRICHO\u00bb (Gaud\u00ed)\u00a0&#8211;\u00a0Comillas\u00a0 &#8211; (Santander) -27 x\u00a035 cms.. \u00d3leo sobre tela.<\/p>\n<p style=\"text-align: justify;\">Nunca tan bien aplicado, \u00abGaud\u00ed visto por Maruchi Ripoll\u00bb, como en este cuadro. Veamos porqu\u00e9:<\/p>\n<p style=\"text-align: justify;\">La \u00abArtista\u00bb ha plasmado en el lienzo la parte posterior del \u00abCapricho de Gaud\u00ed\u00bb, que a nivel art\u00edstico no es precisamente una parte destacada. No obstante con este ocurrente jard\u00edn de flores en primer plano, \u00a0ha sabido\u00a0darle el toque\u00a0conveniente, \u00a0para que se convierta en una obra atractiva para el p\u00fablico visitante.<\/p>\n<p style=\"text-align: justify;\">Para ejemplo un bot\u00f3n, fue la primera obra vendida en la \u00abInauguraci\u00f3n\u00bb (15- Jul. -2016).<\/p>\n<\/div>\n<\/div>\n<\/div>\n<p><!-- fin modulo flex --><\/p>\n<h3 style=\"text-align: center;\">UN DETALLE QUE VALE LA PENA<\/h3>\n<p><!-- inicio de modulo flex --><\/p>\n<div class=\"modulo\" style=\"text-align: justify;\">\n<p><strong><span style=\"text-decoration: underline;\"><em><i>Puerta de entrada a los Viaductos\u00a0<\/i><strong><i>-Parque G\u00fcell-<\/i><\/strong><span style=\"text-decoration: underline;\"><em><strong> (Barcelona) -formato peque\u00f1o-<\/strong><\/em><\/span><\/em><\/span><\/strong><\/p>\n<div class=\"galer\u00eda galeria-flex\">\n<div>\n<div id=\"attachment_2015\" style=\"width: 160px\" class=\"wp-caption alignnone\"><a href=\"http:\/\/blogdemaruchiripoll.com\/wp-content\/uploads\/2014\/02\/GD-20_20160625-WA0002-1_Entrada-a-los-Viaductos_OKK_sin-tit.jpg\"><img aria-describedby=\"caption-attachment-2015\" decoding=\"async\" loading=\"lazy\" class=\"wp-image-2015 size-thumbnail\" title=\"T\u00edtulo:\u00a0PUERTA DE ENTRADA A LOS VIADUCTOS\u00a0\u00a0-\u00a0Parque G\u00fcell\u00a0- (Barcelona) -24 x\u00a019 cms.. \u00d3leo sobre tela.\" src=\"http:\/\/blogdemaruchiripoll.com\/wp-content\/uploads\/2014\/02\/GD-20_20160625-WA0002-1_Entrada-a-los-Viaductos_OKK_sin-tit-150x150.jpg\" width=\"150\" height=\"150\" srcset=\"http:\/\/blogdemaruchiripoll.com\/wp-content\/uploads\/2014\/02\/GD-20_20160625-WA0002-1_Entrada-a-los-Viaductos_OKK_sin-tit-150x150.jpg 150w, http:\/\/blogdemaruchiripoll.com\/wp-content\/uploads\/2014\/02\/GD-20_20160625-WA0002-1_Entrada-a-los-Viaductos_OKK_sin-tit-36x36.jpg 36w, http:\/\/blogdemaruchiripoll.com\/wp-content\/uploads\/2014\/02\/GD-20_20160625-WA0002-1_Entrada-a-los-Viaductos_OKK_sin-tit-115x115.jpg 115w\" sizes=\"(max-width: 150px) 100vw, 150px\" \/><\/a><p id=\"caption-attachment-2015\" class=\"wp-caption-text\">Cuadro N\u00ba 25<\/p><\/div>\n<\/div>\n<div class=\"txtimagen_gen\">\n<p>T\u00edtulo:\u00a0PUERTA DE ENTRADA A LOS VIADUCTOS\u00a0\u00a0&#8211;\u00a0Parque G\u00fcell\u00a0&#8211; (Barcelona) -24 x\u00a019 cms.. \u00d3leo sobre tela.<\/p>\n<p style=\"text-align: justify;\">Maruchi Ripoll con su pincel, muestra el detalle de una de las puertas de los viaductos, que no son otra cosa, que los pasadizos para acceder a los distintos niveles de la parte monta\u00f1osa del Parque G\u00fcell. Podemos observar en el cuadro, el genial dise\u00f1o que hizo en su d\u00eda el insigne Arquitecto.<\/p>\n<\/div>\n<\/div>\n<\/div>\n<p><!-- fin modulo flex --><\/p>\n","protected":false},"excerpt":{"rendered":"<p>Antecedentes Maruchi Ripoll, a trav\u00e9s de los a\u00f1os, se da cuenta que su personalidad y talento, le permiten probar otras facetas del arte, como son: la escultura y dentro de [&hellip;]<\/p>\n","protected":false},"author":1,"featured_media":0,"parent":0,"menu_order":0,"comment_status":"open","ping_status":"open","template":"","meta":[],"_links":{"self":[{"href":"http:\/\/blogdemaruchiripoll.com\/index.php\/wp-json\/wp\/v2\/pages\/167"}],"collection":[{"href":"http:\/\/blogdemaruchiripoll.com\/index.php\/wp-json\/wp\/v2\/pages"}],"about":[{"href":"http:\/\/blogdemaruchiripoll.com\/index.php\/wp-json\/wp\/v2\/types\/page"}],"author":[{"embeddable":true,"href":"http:\/\/blogdemaruchiripoll.com\/index.php\/wp-json\/wp\/v2\/users\/1"}],"replies":[{"embeddable":true,"href":"http:\/\/blogdemaruchiripoll.com\/index.php\/wp-json\/wp\/v2\/comments?post=167"}],"version-history":[{"count":260,"href":"http:\/\/blogdemaruchiripoll.com\/index.php\/wp-json\/wp\/v2\/pages\/167\/revisions"}],"predecessor-version":[{"id":2053,"href":"http:\/\/blogdemaruchiripoll.com\/index.php\/wp-json\/wp\/v2\/pages\/167\/revisions\/2053"}],"wp:attachment":[{"href":"http:\/\/blogdemaruchiripoll.com\/index.php\/wp-json\/wp\/v2\/media?parent=167"}],"curies":[{"name":"wp","href":"https:\/\/api.w.org\/{rel}","templated":true}]}}